{"id":128,"date":"2026-04-06T13:27:37","date_gmt":"2026-04-06T13:27:37","guid":{"rendered":"https:\/\/apnealanzarote0515.live-website.com\/apnea-lanzarote\/"},"modified":"2026-08-27T10:14:54","modified_gmt":"2026-08-27T10:14:54","slug":"apnea-lanzarote","status":"publish","type":"page","link":"https:\/\/apnealanzarote.com\/es\/","title":{"rendered":"APNEA LANZAROTE"},"content":{"rendered":"<p>[et_pb_section fb_built=\u00bb1&#8243; _builder_version=\u00bb4.27.6&#8243; _module_preset=\u00bbdefault\u00bb use_background_color_gradient=\u00bbon\u00bb background_color_gradient_stops=\u00bb#15217f 0%|rgba(21,33,127,0) 44%|rgba(31,40,61,0.34) 100%\u00bb background_color_gradient_overlays_image=\u00bbon\u00bb background_image=\u00bbhttps:\/\/apnealanzarote.com\/wp-content\/uploads\/2026\/04\/Objava-FB-10-scaled.jpeg\u00bb custom_margin=\u00bb0px||||false|false\u00bb custom_padding=\u00bb0px|||||\u00bb bottom_divider_style=\u00bbcurve\u00bb bottom_divider_color=\u00bb#15217F\u00bb bottom_divider_height=\u00bb40px\u00bb bottom_divider_flip=\u00bbvertical\u00bb global_colors_info=\u00bb{}\u00bb][et_pb_row column_structure=\u00bb1_3,1_3,1_3&#8243; _builder_version=\u00bb4.27.6&#8243; _module_preset=\u00bbdefault\u00bb width=\u00bb100%\u00bb max_width=\u00bb100%\u00bb custom_padding=\u00bb0px||0px||false|false\u00bb global_colors_info=\u00bb{}\u00bb][et_pb_column type=\u00bb1_3&#8243; _builder_version=\u00bb4.27.6&#8243; _module_preset=\u00bbdefault\u00bb global_colors_info=\u00bb{}\u00bb][et_pb_code disabled_on=\u00bboff|off|on\u00bb _builder_version=\u00bb4.27.6&#8243; _module_preset=\u00bbdefault\u00bb text_orientation=\u00bbright\u00bb module_alignment=\u00bbright\u00bb global_colors_info=\u00bb{}\u00bb]<\/p>\n<div class=\"lang-right\"><!-- [et_pb_line_break_holder] -->\n<div role=\"navigation\" aria-label=\"Selector de idioma\" class=\"wpml-ls-statics-footer wpml-ls wpml-ls-legacy-list-horizontal\">\n\t<ul><li class=\"wpml-ls-slot-footer wpml-ls-item wpml-ls-item-en wpml-ls-first-item wpml-ls-item-legacy-list-horizontal\">\n\t\t\t\t<a href=\"https:\/\/apnealanzarote.com\/\" hreflang=\"en\" lang=\"en\" class=\"wpml-ls-link\" aria-label=\"Cambiar a Ingl\u00e9s\" title=\"Cambiar a Ingl\u00e9s\">\n\t\t\t\t\t                                    <img decoding=\"async\"\n            class=\"wpml-ls-flag\"\n            src=\"https:\/\/apnealanzarote.com\/wp-content\/plugins\/sitepress-multilingual-cms\/res\/flags\/en.svg\"\n            alt=\"Ingl\u00e9s\"\n            loading=\"lazy\"\n            width=18\n            height=12\n    \/><\/a>\n\t\t\t<\/li><li class=\"wpml-ls-slot-footer wpml-ls-item wpml-ls-item-fr wpml-ls-item-legacy-list-horizontal\">\n\t\t\t\t<a href=\"https:\/\/apnealanzarote.com\/fr\/\" hreflang=\"fr\" lang=\"fr\" class=\"wpml-ls-link\" aria-label=\"Cambiar a Franc\u00e9s\" title=\"Cambiar a Franc\u00e9s\">\n\t\t\t\t\t                                    <img decoding=\"async\"\n            class=\"wpml-ls-flag\"\n            src=\"https:\/\/apnealanzarote.com\/wp-content\/plugins\/sitepress-multilingual-cms\/res\/flags\/fr.svg\"\n            alt=\"Franc\u00e9s\"\n            loading=\"lazy\"\n            width=18\n            height=12\n    \/><\/a>\n\t\t\t<\/li><li class=\"wpml-ls-slot-footer wpml-ls-item wpml-ls-item-de wpml-ls-item-legacy-list-horizontal\">\n\t\t\t\t<a href=\"https:\/\/apnealanzarote.com\/de\/\" hreflang=\"de\" lang=\"de\" class=\"wpml-ls-link\" aria-label=\"Cambiar a Alem\u00e1n\" title=\"Cambiar a Alem\u00e1n\">\n\t\t\t\t\t                                    <img decoding=\"async\"\n            class=\"wpml-ls-flag\"\n            src=\"https:\/\/apnealanzarote.com\/wp-content\/plugins\/sitepress-multilingual-cms\/res\/flags\/de.svg\"\n            alt=\"Alem\u00e1n\"\n            loading=\"lazy\"\n            width=18\n            height=12\n    \/><\/a>\n\t\t\t<\/li><li class=\"wpml-ls-slot-footer wpml-ls-item wpml-ls-item-sl wpml-ls-item-legacy-list-horizontal\">\n\t\t\t\t<a href=\"https:\/\/apnealanzarote.com\/sl\/\" hreflang=\"sl\" lang=\"sl\" class=\"wpml-ls-link\" aria-label=\"Cambiar a Esloveno\" title=\"Cambiar a Esloveno\">\n\t\t\t\t\t                                    <img decoding=\"async\"\n            class=\"wpml-ls-flag\"\n            src=\"https:\/\/apnealanzarote.com\/wp-content\/plugins\/sitepress-multilingual-cms\/res\/flags\/sl.svg\"\n            alt=\"Esloveno\"\n            loading=\"lazy\"\n            width=18\n            height=12\n    \/><\/a>\n\t\t\t<\/li><li class=\"wpml-ls-slot-footer wpml-ls-item wpml-ls-item-es wpml-ls-current-language wpml-ls-last-item wpml-ls-item-legacy-list-horizontal\">\n\t\t\t\t<a href=\"https:\/\/apnealanzarote.com\/es\/\" hreflang=\"es\" lang=\"es\" class=\"wpml-ls-link\" aria-current=\"page\" aria-label=\"Cambiar a Espa\u00f1ol\" title=\"Cambiar a Espa\u00f1ol\">\n\t\t\t\t\t                                    <img decoding=\"async\"\n            class=\"wpml-ls-flag\"\n            src=\"https:\/\/apnealanzarote.com\/wp-content\/plugins\/sitepress-multilingual-cms\/res\/flags\/es.svg\"\n            alt=\"Espa\u00f1ol\"\n            loading=\"lazy\"\n            width=18\n            height=12\n    \/><\/a>\n\t\t\t<\/li><\/ul>\n<\/div>\n[\/et_pb_code][\/et_pb_column][\/et_pb_row][et_pb_row custom_padding_last_edited=\u00bbon|phone\u00bb _builder_version=\u00bb4.27.6&#8243; _module_preset=\u00bbdefault\u00bb custom_padding=\u00bb||88px|||\u00bb custom_padding_tablet=\u00bb||88px|||\u00bb custom_padding_phone=\u00bb0px||88px||false|false\u00bb global_colors_info=\u00bb{}\u00bb][et_pb_column type=\u00bb4_4&#8243; _builder_version=\u00bb4.27.4&#8243; _module_preset=\u00bbdefault\u00bb global_colors_info=\u00bb{}\u00bb][et_pb_text _builder_version=\u00bb4.27.6&#8243; _module_preset=\u00bbdefault\u00bb header_text_align=\u00bbcenter\u00bb header_text_color=\u00bb#FDEFCF\u00bb header_font_size=\u00bb45px\u00bb header_font_size_tablet=\u00bb35px\u00bb header_font_size_phone=\u00bb24px\u00bb header_font_size_last_edited=\u00bbon|phone\u00bb header_text_shadow_style=\u00bbpreset1&#8243; global_colors_info=\u00bb{}\u00bb]<\/p>\n<h1><span style=\"color: #ffffff;\"><span dir=\"auto\" style=\"vertical-align: inherit;\"><span dir=\"auto\" style=\"vertical-align: inherit;\"><span dir=\"auto\" style=\"vertical-align: inherit;\"><span dir=\"auto\" style=\"vertical-align: inherit;\">UNA RESPIRACI\u00d3N.  <\/span><\/span><\/span><\/span><\/span><br \/><span style=\"color: #ffffff;\"><span dir=\"auto\" style=\"vertical-align: inherit;\"><span dir=\"auto\" style=\"vertical-align: inherit;\"><span dir=\"auto\" style=\"vertical-align: inherit;\"><span dir=\"auto\" style=\"vertical-align: inherit;\">UNA ISLA.<\/span><\/span><\/span><\/span><\/span><br \/><span dir=\"auto\" style=\"vertical-align: inherit;\"><span dir=\"auto\" style=\"vertical-align: inherit;\"><span dir=\"auto\" style=\"vertical-align: inherit;\"><span dir=\"auto\" style=\"vertical-align: inherit;\">  UNA EXPERIENCIA INOLVIDABLE.<\/span><\/span><\/span><\/span><\/h1>\n<p>[\/et_pb_text][et_pb_text _builder_version=\u00bb4.27.6&#8243; _module_preset=\u00bbdefault\u00bb text_text_color=\u00bb#FFFFFF\u00bb text_font_size=\u00bb20px\u00bb header_2_font=\u00bbMontserrat|500|||||||\u00bb header_2_text_color=\u00bb#FFFFFF\u00bb header_2_font_size=\u00bb23px\u00bb text_orientation=\u00bbcenter\u00bb width=\u00bb57%\u00bb width_tablet=\u00bb100%\u00bb width_phone=\u00bb100%\u00bb width_last_edited=\u00bbon|tablet\u00bb module_alignment=\u00bbcenter\u00bb header_2_font_size_tablet=\u00bb24px\u00bb header_2_font_size_phone=\u00bb18px\u00bb header_2_font_size_last_edited=\u00bbon|phone\u00bb text_text_shadow_style=\u00bbpreset5&#8243; global_colors_info=\u00bb{}\u00bb]<\/p>\n<h2><span dir=\"auto\" style=\"vertical-align: inherit;\"><span dir=\"auto\" style=\"vertical-align: inherit;\">Bienvenido a <strong>Apnea Lanzarote<\/strong>: un lugar donde la apnea, el deporte, el bienestar y la naturaleza de la isla se unen.<\/span><\/span><\/h2>\n<p>[\/et_pb_text][\/et_pb_column][\/et_pb_row][\/et_pb_section][et_pb_section fb_built=\u00bb1&#8243; _builder_version=\u00bb4.27.4&#8243; _module_preset=\u00bbdefault\u00bb background_color=\u00bb#15217F\u00bb global_colors_info=\u00bb{}\u00bb][et_pb_row column_structure=\u00bb1_2,1_2&#8243; _builder_version=\u00bb4.27.4&#8243; _module_preset=\u00bbdefault\u00bb custom_padding=\u00bb||0px|||\u00bb global_colors_info=\u00bb{}\u00bb][et_pb_column type=\u00bb1_2&#8243; _builder_version=\u00bb4.27.4&#8243; _module_preset=\u00bbdefault\u00bb global_colors_info=\u00bb{}\u00bb][et_pb_text _builder_version=\u00bb4.27.4&#8243; _module_preset=\u00bbdefault\u00bb header_3_font=\u00bb\u2013et_global_heading_font|800|||||||\u00bb header_3_text_align=\u00bbright\u00bb header_3_text_color=\u00bb#FFFFFF\u00bb header_3_font_size=\u00bb26px\u00bb header_3_line_height=\u00bb1.3em\u00bb header_3_text_align_tablet=\u00bbright\u00bb header_3_text_align_phone=\u00bbcenter\u00bb header_3_text_align_last_edited=\u00bbon|phone\u00bb header_3_font_size_tablet=\u00bb26px\u00bb header_3_font_size_phone=\u00bb18px\u00bb header_3_font_size_last_edited=\u00bbon|phone\u00bb global_colors_info=\u00bb{}\u00bb]<\/p>\n<h3><strong><span>Entrena con atletas experimentados. Bucea en condiciones perfectas durante todo el a\u00f1o. Recarga energ\u00edas en una impresionante isla volc\u00e1nica.  <\/span><\/strong><\/h3>\n<p>[\/et_pb_text][et_pb_text _builder_version=\u00bb4.27.4&#8243; _module_preset=\u00bbdefault\u00bb text_text_color=\u00bb#FFFFFF\u00bb text_orientation=\u00bbright\u00bb text_font_size_tablet=\u00bb\u00bb text_font_size_phone=\u00bb12px\u00bb text_font_size_last_edited=\u00bbon|phone\u00bb text_line_height_tablet=\u00bb\u00bb text_line_height_phone=\u00bb1.6em\u00bb text_line_height_last_edited=\u00bbon|phone\u00bb text_orientation_tablet=\u00bbright\u00bb text_orientation_phone=\u00bbcenter\u00bb text_orientation_last_edited=\u00bbon|phone\u00bb global_colors_info=\u00bb{}\u00bb]<\/p>\n<p><span>Tanto si descubres la apnea por primera vez, como si quieres perfeccionar tu t\u00e9cnica o buscas dar un paso m\u00e1s en tu pr\u00e1ctica, te invitamos a entrenar, respirar y explorar en uno de los destinos de apnea m\u00e1s espectaculares de Europa.<\/span><\/p>\n<p><span>Fundada por <strong>Nika <\/strong><\/span><strong>Ko\u017ear<\/strong><span> y <strong>Christian Vogler<\/strong>, Apnea Lanzarote se basa en una profunda pasi\u00f3n por el deporte, el rendimiento, el oc\u00e9ano y la vida consciente. Aqu\u00ed, tus vacaciones de apnea son m\u00e1s que un curso: es una experiencia marcada por el movimiento, la recuperaci\u00f3n, los paisajes volc\u00e1nicos y la energ\u00eda del Atl\u00e1ntico.<\/span><\/p>\n<p>[\/et_pb_text][et_pb_text _builder_version=\u00bb4.27.4&#8243; _module_preset=\u00bbdefault\u00bb text_font=\u00bb\u2013et_global_body_font|700|||||||\u00bb text_text_color=\u00bb#FFFFFF\u00bb text_font_size=\u00bb20px\u00bb text_line_height=\u00bb1.3em\u00bb header_font_size=\u00bb54px\u00bb text_orientation=\u00bbright\u00bb text_font_size_tablet=\u00bb20px\u00bb text_font_size_phone=\u00bb16px\u00bb text_font_size_last_edited=\u00bbon|phone\u00bb text_orientation_tablet=\u00bbright\u00bb text_orientation_phone=\u00bbcenter\u00bb text_orientation_last_edited=\u00bbon|phone\u00bb global_colors_info=\u00bb{}\u00bb]<\/p>\n<p><strong><span>Ponte en contacto con nosotros y empieza a planificar tu experiencia de apnea en Lanzarote.<\/span><\/strong><\/p>\n<p>[\/et_pb_text][dsm_button button_one_text=\u00bbWhatsApp\u00bb button_one_url_type=\u00bbwhatsapp\u00bb button_one_whatsapp_number=\u00bb+33663211906 \u00bb button_two_text=\u00bbCorreo electr\u00f3nico\u00bb button_two_url_type=\u00bbemail\u00bb button_two_email_address=\u00bbapnealanzarote@gmail.com\u00bb button_alignment=\u00bbright\u00bb button_alignment_tablet=\u00bbright\u00bb button_alignment_phone=\u00bbcenter\u00bb button_alignment_last_edited=\u00bbon|phone\u00bb _builder_version=\u00bb4.27.4&#8243; _module_preset=\u00bbdefault\u00bb custom_button_one=\u00bbon\u00bb button_one_text_color=\u00bb#1F2827&#8243; button_one_bg_color=\u00bb#FDEFCF\u00bb button_one_border_width=\u00bb0px\u00bb button_one_icon=\u00bb&#xf232;||fa||400&#8243; button_one_on_hover=\u00bboff\u00bb custom_button_two=\u00bbon\u00bb button_two_text_color=\u00bb#1F2827&#8243; button_two_bg_color=\u00bb#FDEFCF\u00bb button_two_border_width=\u00bb0px\u00bb button_two_icon=\u00bb&#xe010;||divi||400&#8243; button_two_on_hover=\u00bboff\u00bb button_one_text_size_tablet=\u00bb\u00bb button_one_text_size_phone=\u00bb14px\u00bb button_one_text_size_last_edited=\u00bbon|phone\u00bb button_two_text_size_tablet=\u00bb\u00bb button_two_text_size_phone=\u00bb14px\u00bb button_two_text_size_last_edited=\u00bbon|phone\u00bb global_colors_info=\u00bb{}\u00bb button_one_bg_color__hover_enabled=\u00bbon|desktop\u00bb button_one_bg_color__hover=\u00bb#06E5EF\u00bb button_one_bg_enable_color__hover=\u00bbon\u00bb button_two_bg_color__hover_enabled=\u00bbon|desktop\u00bb button_two_bg_color__hover=\u00bb#06E5EF\u00bb button_two_bg_enable_color__hover=\u00bbon\u00bb][\/dsm_button][\/et_pb_column][et_pb_column type=\u00bb1_2&#8243; _builder_version=\u00bb4.27.4&#8243; _module_preset=\u00bbdefault\u00bb global_colors_info=\u00bb{}\u00bb][et_pb_image src=\u00bbhttps:\/\/apnealanzarote.com\/wp-content\/uploads\/2026\/08\/WhatsApp-Image-2026-08-01-at-15.56.24.jpeg\u00bb title_text=\u00bbImagen de WhatsApp del 1 de agosto de 2026 a las 15:56:24&#8243; _builder_version=\u00bb4.27.6&#8243; _module_preset=\u00bbdefault\u00bb global_colors_info=\u00bb{}\u00bb][\/et_pb_image][\/et_pb_column][\/et_pb_row][\/et_pb_section][et_pb_section fb_built=\u00bb1&#8243; _builder_version=\u00bb4.27.6&#8243; _module_preset=\u00bbdefault\u00bb background_image=\u00bbhttps:\/\/apnealanzarote.com\/wp-content\/uploads\/2026\/04\/bg_Apnea-Lanzarote_V1.jpg\u00bb global_colors_info=\u00bb{}\u00bb][et_pb_row _builder_version=\u00bb4.27.4&#8243; _module_preset=\u00bbdefault\u00bb global_colors_info=\u00bb{}\u00bb][et_pb_column type=\u00bb4_4&#8243; _builder_version=\u00bb4.27.4&#8243; _module_preset=\u00bbdefault\u00bb global_colors_info=\u00bb{}\u00bb][et_pb_text _builder_version=\u00bb4.27.4&#8243; _module_preset=\u00bbdefault\u00bb text_font=\u00bb|800|on||||||\u00bb text_text_color=\u00bb#FFFFFF\u00bb text_font_size=\u00bb24px\u00bb text_line_height=\u00bb1.5em\u00bb text_orientation=\u00bbcenter\u00bb width=\u00bb64%\u00bb width_tablet=\u00bb100%\u00bb width_phone=\u00bb100%\u00bb width_last_edited=\u00bbon|tablet\u00bb module_alignment=\u00bbcenter\u00bb text_font_size_tablet=\u00bb24px\u00bb text_font_size_phone=\u00bb20px\u00bb text_font_size_last_edited=\u00bbon|phone\u00bb text_text_shadow_style=\u00bbpreset1&#8243; global_colors_info=\u00bb{}\u00bb width__hover_enabled=\u00bbon|desktop\u00bb width__hover=\u00bb64%\u00bb]<\/p>\n<p>\u201cEl mar, una vez que lanza su hechizo, nos retiene en su red de maravillas para siempre\u201d.<\/p>\n<p>[\/et_pb_text][et_pb_text _builder_version=\u00bb4.27.4&#8243; _module_preset=\u00bbdefault\u00bb text_text_color=\u00bb#FFFFFF\u00bb text_font_size=\u00bb16px\u00bb text_orientation=\u00bbcenter\u00bb global_colors_info=\u00bb{}\u00bb]<\/p>\n<p>Jacques-Yves Cousteau<\/p>\n<p>[\/et_pb_text][\/et_pb_column][\/et_pb_row][\/et_pb_section][et_pb_section fb_built=\u00bb1&#8243; module_id=\u00bbpor qu\u00e9\u00bb _builder_version=\u00bb4.27.4&#8243; _module_preset=\u00bbdefault\u00bb background_color=\u00bb#FDEFCF\u00bb custom_padding=\u00bb||0px|||\u00bb global_colors_info=\u00bb{}\u00bb][et_pb_row _builder_version=\u00bb4.27.4&#8243; _module_preset=\u00bbdefault\u00bb custom_padding=\u00bb||25px|||\u00bb global_colors_info=\u00bb{}\u00bb][et_pb_column type=\u00bb4_4&#8243; _builder_version=\u00bb4.27.4&#8243; _module_preset=\u00bbdefault\u00bb global_colors_info=\u00bb{}\u00bb][et_pb_text _builder_version=\u00bb4.27.4&#8243; _module_preset=\u00bbdefault\u00bb header_2_text_align=\u00bbcenter\u00bb custom_margin=\u00bb||14px|||\u00bb header_2_font_size_tablet=\u00bb\u00bb header_2_font_size_phone=\u00bb20px\u00bb header_2_font_size_last_edited=\u00bbon|phone\u00bb global_colors_info=\u00bb{}\u00bb]<\/p>\n<h2><span dir=\"auto\" style=\"vertical-align: inherit;\"><span dir=\"auto\" style=\"vertical-align: inherit;\"><span dir=\"auto\" style=\"vertical-align: inherit;\"><span dir=\"auto\" style=\"vertical-align: inherit;\">Un para\u00edso de la apnea en el coraz\u00f3n del Atl\u00e1ntico<\/span><\/span><\/span><\/span><\/h2>\n<p>[\/et_pb_text][et_pb_text _builder_version=\u00bb4.27.4&#8243; _module_preset=\u00bbdefault\u00bb text_text_color=\u00bb#15217F\u00bb text_orientation=\u00bbcenter\u00bb text_font_size_tablet=\u00bb\u00bb text_font_size_phone=\u00bb12px\u00bb text_font_size_last_edited=\u00bbon|phone\u00bb global_colors_info=\u00bb{}\u00bb]<\/p>\n<p>Lanzarote es uno de esos raros lugares donde todo se alinea: oc\u00e9ano, clima, paisaje y estilo de vida.<\/p>\n<p>Con temperaturas suaves durante todo el a\u00f1o, aguas cristalinas y condiciones fiables, la isla ofrece un entorno excepcional para apne\u00edstas de todos los niveles. Pero lo que hace que Lanzarote sea realmente especial es que tu entrenamiento no termina cuando sales del agua. <\/p>\n<p>Aqu\u00ed, tus d\u00edas pueden fluir de forma natural entre sesiones de apnea, aventuras volc\u00e1nicas, sol, recuperaci\u00f3n y momentos de calma junto al mar.<\/p>\n<p>[\/et_pb_text][\/et_pb_column][\/et_pb_row][\/et_pb_section][et_pb_section fb_built=\u00bb1&#8243; _builder_version=\u00bb4.27.6&#8243; _module_preset=\u00bbdefault\u00bb background_color=\u00bb#FDEFCF\u00bb use_background_color_gradient=\u00bbon\u00bb background_color_gradient_stops=\u00bb#fdefcf 60%|rgba(21,33,127,0) 60%\u00bb background_color_gradient_overlays_image=\u00bbon\u00bb background_image=\u00bbhttps:\/\/apnealanzarote.com\/wp-content\/uploads\/2026\/04\/bg2_Apnea-Lanzarote_V1.jpg\u00bb custom_padding=\u00bb0px|||||\u00bb bottom_divider_color=\u00bb#15217F\u00bb bottom_divider_height=\u00bb0px\u00bb background_last_edited=\u00bbon|phone\u00bb use_background_color_gradient_phone=\u00bboff\u00bb background_enable_image_phone=\u00bboff\u00bb global_colors_info=\u00bb{}\u00bb][et_pb_row column_structure=\u00bb2_5,3_5&#8243; _builder_version=\u00bb4.27.4&#8243; _module_preset=\u00bbdefault\u00bb global_colors_info=\u00bb{}\u00bb][et_pb_column type=\u00bb2_5&#8243; _builder_version=\u00bb4.27.4&#8243; _module_preset=\u00bbdefault\u00bb global_colors_info=\u00bb{}\u00bb][et_pb_image src=\u00bbhttps:\/\/apnealanzarote.com\/wp-content\/uploads\/2026\/04\/Apnea-Lanzarote_.jpg\u00bb title_text=\u00bbApnea-Lanzarote_\u00bb _builder_version=\u00bb4.27.6&#8243; _module_preset=\u00bbdefault\u00bb global_colors_info=\u00bb{}\u00bb][\/et_pb_image][\/et_pb_column][et_pb_column type=\u00bb3_5&#8243; _builder_version=\u00bb4.27.4&#8243; _module_preset=\u00bbdefault\u00bb global_colors_info=\u00bb{}\u00bb][et_pb_text _builder_version=\u00bb4.27.4&#8243; _module_preset=\u00bbdefault\u00bb header_3_font=\u00bb|||on|||||\u00bb header_3_line_height=\u00bb1.4em\u00bb custom_margin=\u00bb||21px|||\u00bb header_3_font_size_tablet=\u00bb\u00bb header_3_font_size_phone=\u00bb20px\u00bb header_3_font_size_last_edited=\u00bbon|phone\u00bb global_colors_info=\u00bb{}\u00bb]<\/p>\n<h3><span dir=\"auto\" style=\"vertical-align: inherit;\"><span dir=\"auto\" style=\"vertical-align: inherit;\"><span dir=\"auto\" style=\"vertical-align: inherit;\"><span dir=\"auto\" style=\"vertical-align: inherit;\">Por qu\u00e9 Apnea Lanzarote + Lanzarote es una combinaci\u00f3n \u00fanica:<\/span><\/span><\/span><\/span><\/h3>\n<p>[\/et_pb_text][et_pb_text _builder_version=\u00bb4.27.4&#8243; _module_preset=\u00bbdefault\u00bb ul_text_color=\u00bb#15217F\u00bb ul_line_height=\u00bb2.2em\u00bb custom_margin=\u00bb||21px|||\u00bb global_colors_info=\u00bb{}\u00bb]<\/p>\n<ul>\n<li><strong><span>Condiciones ideales todo el a\u00f1o<\/span><\/strong><span> para la pr\u00e1ctica de la apnea<\/span><\/li>\n<li><span>Una impresionante isla volc\u00e1nica con una poderosa energ\u00eda natural<\/span><\/li>\n<li><span>F\u00e1cil acceso gracias a <strong>excelentes vuelos directos desde muchas ciudades europeas<\/strong><\/span><\/li>\n<li><span>La oportunidad de combinar tus vacaciones de apnea con <strong>yoga, masajes, actividades al aire libre y entrenamiento privado<\/strong><\/span><\/li>\n<li><span>Un destino que inspira tanto el <strong>rendimiento como la reconexi\u00f3n<\/strong><\/span><\/li>\n<\/ul>\n<p>[\/et_pb_text][et_pb_text _builder_version=\u00bb4.27.4&#8243; _module_preset=\u00bbdefault\u00bb text_font=\u00bb|700|||||||\u00bb text_text_color=\u00bb#15217F\u00bb text_font_size=\u00bb18px\u00bb global_colors_info=\u00bb{}\u00bb]<\/p>\n<p><span>Este es el lugar perfecto para mejorar tu buceo, disfrutar de unas vacaciones activas y vivir el deporte como un estilo de vida.<\/span><\/p>\n<p>[\/et_pb_text][\/et_pb_column][\/et_pb_row][et_pb_row disabled_on=\u00bbon|on|off\u00bb _builder_version=\u00bb4.27.4&#8243; _module_preset=\u00bbdefault\u00bb global_colors_info=\u00bb{}\u00bb][et_pb_column type=\u00bb4_4&#8243; _builder_version=\u00bb4.27.4&#8243; _module_preset=\u00bbdefault\u00bb global_colors_info=\u00bb{}\u00bb][et_pb_text _builder_version=\u00bb4.27.4&#8243; _module_preset=\u00bbdefault\u00bb text_font=\u00bb|800|on||||||\u00bb text_text_color=\u00bb#FDEFCF\u00bb text_font_size=\u00bb24px\u00bb text_line_height=\u00bb1.5em\u00bb text_orientation=\u00bbright\u00bb width=\u00bb100%\u00bb module_alignment=\u00bbcenter\u00bb text_text_shadow_style=\u00bbpreset1&#8243; global_colors_info=\u00bb{}\u00bb]<\/p>\n<p>\u201cLa apnea no es solo un deporte, es una forma de entender qui\u00e9n eres\u201d.<\/p>\n<p>[\/et_pb_text][et_pb_text _builder_version=\u00bb4.27.4&#8243; _module_preset=\u00bbdefault\u00bb text_text_color=\u00bb#FDEFCF\u00bb text_font_size=\u00bb16px\u00bb text_orientation=\u00bbright\u00bb global_colors_info=\u00bb{}\u00bb]<\/p>\n<p>Natalia Molchanova<\/p>\n<p>[\/et_pb_text][\/et_pb_column][\/et_pb_row][\/et_pb_section][et_pb_section fb_built=\u00bb1&#8243; disabled_on=\u00bboff|off|on\u00bb _builder_version=\u00bb4.27.6&#8243; _module_preset=\u00bbdefault\u00bb background_image=\u00bbhttps:\/\/apnealanzarote.com\/wp-content\/uploads\/2026\/04\/bg2_Apnea-Lanzarote_V1.jpg\u00bb global_colors_info=\u00bb{}\u00bb][et_pb_row _builder_version=\u00bb4.27.4&#8243; _module_preset=\u00bbdefault\u00bb global_colors_info=\u00bb{}\u00bb][et_pb_column type=\u00bb4_4&#8243; _builder_version=\u00bb4.27.4&#8243; _module_preset=\u00bbdefault\u00bb global_colors_info=\u00bb{}\u00bb][et_pb_text _builder_version=\u00bb4.27.4&#8243; _module_preset=\u00bbdefault\u00bb text_font=\u00bb|800|on||||||\u00bb text_text_color=\u00bb#FDEFCF\u00bb text_font_size=\u00bb24px\u00bb text_line_height=\u00bb1.5em\u00bb text_orientation=\u00bbright\u00bb width=\u00bb100%\u00bb module_alignment=\u00bbcenter\u00bb text_font_size_tablet=\u00bb24px\u00bb text_font_size_phone=\u00bb20px\u00bb text_font_size_last_edited=\u00bbon|phone\u00bb text_text_shadow_style=\u00bbpreset1&#8243; global_colors_info=\u00bb{}\u00bb]<\/p>\n<p>\u201cLa apnea no es solo un deporte, es una forma de entender qui\u00e9n eres\u201d.<\/p>\n<p>[\/et_pb_text][et_pb_text _builder_version=\u00bb4.27.4&#8243; _module_preset=\u00bbdefault\u00bb text_text_color=\u00bb#FDEFCF\u00bb text_font_size=\u00bb16px\u00bb text_orientation=\u00bbright\u00bb global_colors_info=\u00bb{}\u00bb]<\/p>\n<p>Natalia Molchanova<\/p>\n<p>[\/et_pb_text][\/et_pb_column][\/et_pb_row][\/et_pb_section][et_pb_section fb_built=\u00bb1&#8243; module_id=\u00bbqu\u00e9_hacemos\u00bb _builder_version=\u00bb4.27.4&#8243; _module_preset=\u00bbdefault\u00bb background_color=\u00bb#15217F\u00bb custom_padding=\u00bb0px|0px||||\u00bb global_colors_info=\u00bb{}\u00bb][et_pb_row _builder_version=\u00bb4.27.4&#8243; _module_preset=\u00bbdefault\u00bb global_colors_info=\u00bb{}\u00bb][et_pb_column type=\u00bb4_4&#8243; _builder_version=\u00bb4.27.4&#8243; _module_preset=\u00bbdefault\u00bb global_colors_info=\u00bb{}\u00bb][et_pb_image src=\u00bbhttps:\/\/apnealanzarote.com\/wp-content\/uploads\/2026\/04\/logo_Apnea-Lanzarote_V2.png\u00bb title_text=\u00bblogo_Apnea-Lanzarote_V2&#8243; align=\u00bbcenter\u00bb _builder_version=\u00bb4.27.6&#8243; _module_preset=\u00bbdefault\u00bb width=\u00bb11%\u00bb width_tablet=\u00bb11%\u00bb width_phone=\u00bb40%\u00bb width_last_edited=\u00bbon|phone\u00bb global_colors_info=\u00bb{}\u00bb][\/et_pb_image][et_pb_text _builder_version=\u00bb4.27.4&#8243; _module_preset=\u00bbdefault\u00bb header_2_text_align=\u00bbcenter\u00bb header_2_text_color=\u00bb#FFFFFF\u00bb custom_margin=\u00bb||14px|||\u00bb header_2_font_size_tablet=\u00bb\u00bb header_2_font_size_phone=\u00bb22px\u00bb header_2_font_size_last_edited=\u00bbon|phone\u00bb global_colors_info=\u00bb{}\u00bb]<\/p>\n<h2>QU\u00c9 HACEMOS<\/h2>\n<p>[\/et_pb_text][et_pb_text _builder_version=\u00bb4.27.4&#8243; _module_preset=\u00bbdefault\u00bb text_font=\u00bb|600|||||||\u00bb text_text_color=\u00bb#FFFFFF\u00bb text_font_size=\u00bb18px\u00bb text_orientation=\u00bbcenter\u00bb global_colors_info=\u00bb{}\u00bb]<\/p>\n<p>CURSOS, ENTRENAMIENTO Y EXPERIENCIAS A MEDIDA<\/p>\n<p>[\/et_pb_text][dsm_button button_one_text=\u00bbWhatsApp\u00bb button_one_url_type=\u00bbwhatsapp\u00bb button_one_whatsapp_number=\u00bb+33663211906 \u00bb button_two_text=\u00bbCorreo electr\u00f3nico\u00bb button_two_url_type=\u00bbemail\u00bb button_two_email_address=\u00bbinfo@apnealanzarote.com\u00bb button_alignment=\u00bbcenter\u00bb _builder_version=\u00bb4.27.6&#8243; _module_preset=\u00bbdefault\u00bb custom_button_one=\u00bbon\u00bb button_one_text_color=\u00bb#1F2827&#8243; button_one_bg_color=\u00bb#FDEFCF\u00bb button_one_border_width=\u00bb0px\u00bb button_one_icon=\u00bb&#xf232;||fa||400&#8243; button_one_on_hover=\u00bboff\u00bb custom_button_two=\u00bbon\u00bb button_two_text_color=\u00bb#1F2827&#8243; button_two_bg_color=\u00bb#FDEFCF\u00bb button_two_border_width=\u00bb0px\u00bb button_two_icon=\u00bb&#xe010;||divi||400&#8243; button_two_on_hover=\u00bboff\u00bb button_one_text_size_tablet=\u00bb\u00bb button_one_text_size_phone=\u00bb16px\u00bb button_one_text_size_last_edited=\u00bbon|phone\u00bb button_two_text_size_tablet=\u00bb\u00bb button_two_text_size_phone=\u00bb16px\u00bb button_two_text_size_last_edited=\u00bbon|phone\u00bb global_colors_info=\u00bb{}\u00bb button_one_bg_color__hover_enabled=\u00bbon|desktop\u00bb button_one_bg_color__hover=\u00bb#06E5EF\u00bb button_one_bg_enable_color__hover=\u00bbon\u00bb button_two_bg_color__hover_enabled=\u00bbon|desktop\u00bb button_two_bg_color__hover=\u00bb#06E5EF\u00bb button_two_bg_enable_color__hover=\u00bbon\u00bb][\/dsm_button][\/et_pb_column][\/et_pb_row][et_pb_row _builder_version=\u00bb4.27.4&#8243; _module_preset=\u00bbdefault\u00bb background_color=\u00bb#083f90&#8243; width=\u00bb90%\u00bb global_colors_info=\u00bb{}\u00bb][et_pb_column type=\u00bb4_4&#8243; _builder_version=\u00bb4.27.4&#8243; _module_preset=\u00bbdefault\u00bb global_colors_info=\u00bb{}\u00bb][et_pb_text _builder_version=\u00bb4.27.4&#8243; _module_preset=\u00bbdefault\u00bb text_text_color=\u00bb#FFFFFF\u00bb text_orientation=\u00bbcenter\u00bb text_orientation_tablet=\u00bbcenter\u00bb text_orientation_phone=\u00bbcenter\u00bb text_orientation_last_edited=\u00bbon|desktop\u00bb global_colors_info=\u00bb{}\u00bb]<\/p>\n<p>EN APNEA LANZAROTE, OFRECEMOS EXPERIENCIAS DISE\u00d1ADAS PARA APNE\u00cdSTAS PRINCIPIANTES, INTERMEDIOS Y AVANZADOS.<\/p>\n<p>CADA SESI\u00d3N SE DIRIGE CON CUIDADO, EXPERIENCIA Y UN FUERTE ENFOQUE EN LA PROGRESI\u00d3N, LA SEGURIDAD Y EL DISFRUTE<\/p>\n<p>[\/et_pb_text][\/et_pb_column][\/et_pb_row][et_pb_row column_structure=\u00bb1_4,1_4,1_4,1_4&#8243; use_custom_gutter=\u00bbon\u00bb gutter_width=\u00bb2&#8243; make_equal=\u00bbon\u00bb _builder_version=\u00bb4.27.4&#8243; _module_preset=\u00bbdefault\u00bb background_color=\u00bb#083f90&#8243; width=\u00bb90%\u00bb custom_padding=\u00bb0px||0px||true|false\u00bb global_colors_info=\u00bb{}\u00bb][et_pb_column type=\u00bb1_4&#8243; _builder_version=\u00bb4.27.4&#8243; _module_preset=\u00bbdefault\u00bb background_color=\u00bb#FFFFFF\u00bb custom_padding=\u00bb20px|20px|20px|20px|true|true\u00bb global_colors_info=\u00bb{}\u00bb][et_pb_image src=\u00bbhttps:\/\/apnealanzarote.com\/wp-content\/uploads\/2026\/07\/WhatsApp-Image-2026-07-31-at-14.42.09.jpeg\u00bb title_text=\u00bbImagen de WhatsApp del 31 de julio de 2026 a las 14:42:09&#8243; align=\u00bbcenter\u00bb force_fullwidth=\u00bbon\u00bb _builder_version=\u00bb4.27.6&#8243; _module_preset=\u00bbdefault\u00bb global_colors_info=\u00bb{}\u00bb][\/et_pb_image][et_pb_text _builder_version=\u00bb4.27.6&#8243; _module_preset=\u00bbdefault\u00bb text_font=\u00bb|800|||||||\u00bb text_text_color=\u00bb#15217F\u00bb text_font_size=\u00bb18px\u00bb text_orientation=\u00bbcenter\u00bb global_colors_info=\u00bb{}\u00bb]<\/p>\n<p>SNORKELING E INTRODUCCI\u00d3N<br \/>AL BUCEO LIBRE<\/p>\n<p>[\/et_pb_text][et_pb_text _builder_version=\u00bb4.27.6&#8243; _module_preset=\u00bbdefault\u00bb text_text_color=\u00bb#15217F\u00bb global_colors_info=\u00bb{}\u00bb]<\/p>\n<p>Descubre el buceo en apnea<\/p>\n<p>[\/et_pb_text][et_pb_toggle title=\u00bbLeer m\u00e1s\u00bb closed_toggle_background_color=\u00bb#06E5EF\u00bb icon_color=\u00bb#1F2827&#8243; toggle_icon=\u00bb&#x3b;||divi||400&#8243; open_icon_color=\u00bb#1F2827&#8243; open_toggle_icon=\u00bb&#x3a;||divi||400&#8243; _builder_version=\u00bb4.27.6&#8243; _module_preset=\u00bbdefault\u00bb title_text_color=\u00bb#1F2827&#8243; title_font_size=\u00bb14px\u00bb custom_padding=\u00bb10px||10px||true|false\u00bb border_width_all=\u00bb0px\u00bb global_colors_info=\u00bb{}\u00bb]<\/p>\n<p><span>SNORKEL<br \/>Para todos los que os encanta descubrir lo que se esconde bajo la superficie del oc\u00e9ano Atl\u00e1ntico en Lanzarote. El oc\u00e9ano est\u00e1 lleno de vida y hacer snorkel en Lanzarote es, sin duda, una experiencia \u00fanica. <\/span><\/p>\n<ul>\n<li><span><strong>Duraci\u00f3n:<\/strong> 2 h<\/span><\/li>\n<li><span><strong>Precio:<\/strong> 60 \u20ac (el material est\u00e1 incluido en el precio)<\/span><\/li>\n<\/ul>\n<p><span>INTRODUCCI\u00d3N AL BUCEO EN APNEA<br \/>Para principiantes absolutos que quieran descubrir el buceo en apnea de una forma segura, motivadora y divertida.<\/span><\/p>\n<ul>\n<li><strong><span>Formato:<\/span><\/strong><span> Sesi\u00f3n de introducci\u00f3n \/ curso para principiantes<\/span><\/li>\n<li><strong>Duraci\u00f3n:<\/strong> <span>2-3 h<\/span><\/li>\n<li><strong>Precio:<\/strong> 80 \u20ac <span>(material incluido en el precio)<\/span><\/li>\n<li><strong><span>Ideal para:<\/span><\/strong><span> Apne\u00edstas noveles, amantes del oc\u00e9ano, viajeros activos<\/span><\/li>\n<\/ul>\n<p>[\/et_pb_toggle][\/et_pb_column][et_pb_column type=\u00bb1_4&#8243; _builder_version=\u00bb4.27.4&#8243; _module_preset=\u00bbdefault\u00bb background_color=\u00bb#FFFFFF\u00bb custom_padding=\u00bb20px|20px|20px|20px|true|true\u00bb global_colors_info=\u00bb{}\u00bb][et_pb_image src=\u00bbhttps:\/\/apnealanzarote.com\/wp-content\/uploads\/2026\/04\/Apnea-Lanzarote-03.jpg\u00bb title_text=\u00bbApnea Lanzarote-03&#8243; align=\u00bbcenter\u00bb _builder_version=\u00bb4.27.6&#8243; _module_preset=\u00bbdefault\u00bb min_height=\u00bb223.3px\u00bb global_colors_info=\u00bb{}\u00bb][\/et_pb_image][et_pb_text _builder_version=\u00bb4.27.4&#8243; _module_preset=\u00bbdefault\u00bb text_font=\u00bb|800|||||||\u00bb text_text_color=\u00bb#15217F\u00bb text_font_size=\u00bb18px\u00bb text_orientation=\u00bbcenter\u00bb global_colors_info=\u00bb{}\u00bb]<\/p>\n<p>AIDA 1, 2, 3<\/p>\n<p>[\/et_pb_text][et_pb_text _builder_version=\u00bb4.27.4&#8243; _module_preset=\u00bbdefault\u00bb text_text_color=\u00bb#15217F\u00bb global_colors_info=\u00bb{}\u00bb]<\/p>\n<p>Cursos de apnea<\/p>\n<p>[\/et_pb_text][et_pb_toggle title=\u00bbM\u00e1s informaci\u00f3n:  \u00bb closed_toggle_background_color=\u00bb#06E5EF\u00bb icon_color=\u00bb#1F2827&#8243; toggle_icon=\u00bb&#x3b;||divi||400&#8243; open_icon_color=\u00bb#1F2827&#8243; open_toggle_icon=\u00bb&#x3a;||divi||400&#8243; _builder_version=\u00bb4.27.6&#8243; _module_preset=\u00bbdefault\u00bb title_text_color=\u00bb#1F2827&#8243; title_font_size=\u00bb14px\u00bb custom_padding=\u00bb10px||10px||true|false\u00bb border_width_all=\u00bb0px\u00bb global_colors_info=\u00bb{}\u00bb]<\/p>\n<p><strong>AIDA 1<em><br \/>Introducci\u00f3n al buceo libre<\/em><\/strong><\/p>\n<p><strong><em>Duraci\u00f3n:<\/em><\/strong> 3 horas<\/p>\n<p><strong><em>Requisitos previos:  <\/em><\/strong><\/p>\n<ul>\n<li>Tener 18 a\u00f1os o m\u00e1s (16 o 17 a\u00f1os con el consentimiento de los padres o tutores)<\/li>\n<li>Ser capaz de nadar al menos 100 m sin parar<\/li>\n<\/ul>\n<p>Este curso ofrece conocimientos b\u00e1sicos de apnea y habilidades introductorias como la relajaci\u00f3n de cuerpo y mente, t\u00e9cnicas de aleteo, golpes de ri\u00f1\u00f3n y compensaci\u00f3n.<\/p>\n<p><strong><em>Precio:<\/em><\/strong> 110 \u20ac<br \/>El precio incluye el material digital, el certificado digital y el seguro de buceo libre durante el curso. No incluye el equipo, pero podemos proporcionarte todo lo que necesites para practicar buceo libre. <\/p>\n<p><strong>AIDA 2<br \/><\/strong><strong>Buceador en apnea<\/strong><\/p>\n<p><strong><em>Duraci\u00f3n:<\/em><\/strong> 2,5 d\u00edas<\/p>\n<p><strong><em>Requisitos previos:<\/em><\/strong><\/p>\n<ul>\n<li>Tener 18 a\u00f1os o m\u00e1s (16 o 17 a\u00f1os con el consentimiento de los padres o tutores)<\/li>\n<li>Poder nadar al menos 200 m sin parar y sin aletas o al menos 300 m sin parar con m\u00e1scara, aletas y tubo<\/li>\n<\/ul>\n<p>Requisitos: 2 minutos STA, 40 metros DYNB, 12 metros CWTB, la puntuaci\u00f3n para aprobar el examen te\u00f3rico es del 75%<\/p>\n<p>Las sesiones est\u00e1ticas y din\u00e1micas en aguas confinadas se utilizan para ense\u00f1ar t\u00e9cnicas de relajaci\u00f3n, respiraci\u00f3n, aleteo y seguridad. En las sesiones de aguas abiertas, los alumnos aplicar\u00e1n las habilidades aprendidas en la piscina \/ aguas confinadas y las combinar\u00e1n con las habilidades b\u00e1sicas de la apnea en aguas abiertas, como la compensaci\u00f3n, el golpe de ri\u00f1\u00f3n, la nataci\u00f3n vertical, el posicionamiento del cuerpo, los giros y el uso de la flotabilidad. <\/p>\n<p>La teor\u00eda de la apnea incluir\u00e1: Introducci\u00f3n a la apnea, ciclo respiratorio en la apnea, fisiolog\u00eda b\u00e1sica de la apnea, compensaci\u00f3n, t\u00e9cnicas de apnea, seguridad en la apnea, equipo de apnea, disciplinas de la apnea.<\/p>\n<p><strong><em>Precio:<\/em><\/strong> 350 \u20ac<br \/>El precio incluye material digital, certificaci\u00f3n digital y seguro de apnea durante el curso. No incluye el equipo, pero podemos proporcionarte todo el equipo que necesites para la apnea. <\/p>\n<p><strong>AIDA 3<br \/><\/strong><strong>Buceador en apnea avanzado<\/strong><\/p>\n<p><strong><em>Duraci\u00f3n:<\/em><\/strong> 3 d\u00edas<\/p>\n<p><strong><em>Requisitos previos:<\/em><\/strong><\/p>\n<ul>\n<li>Tener 18 a\u00f1os o m\u00e1s (16 o 17 a\u00f1os con el consentimiento de los padres o tutores)<\/li>\n<li>Haber completado el curso AIDA2 o haber completado la Evaluaci\u00f3n Crossover AIDA2 si vienes de otra agencia de apnea<\/li>\n<\/ul>\n<p><strong><em>Requisitos:<\/em><\/strong> 2:45 minutos STA, 55 metros DYNB, 24 metros CWTB, la puntuaci\u00f3n para aprobar el examen te\u00f3rico es del 75%<\/p>\n<p>El curso est\u00e1 dise\u00f1ado para seguir desarrollando las habilidades de los niveles anteriores, adquirir nuevas destrezas y obtener un mayor conocimiento de los procedimientos y t\u00e9cnicas de seguridad. Las nuevas t\u00e9cnicas que se introducen son la ca\u00edda libre, la compensaci\u00f3n Frenzel, el uso de tablas de entrenamiento, los riesgos del aumento y la disminuci\u00f3n de la presi\u00f3n y tambi\u00e9n c\u00f3mo minimizar estos riesgos. Los alumnos entrenar\u00e1n estas habilidades en las disciplinas m\u00e1s comunes de la apnea: Apnea Est\u00e1tica, Apnea Din\u00e1mica, Inmersi\u00f3n Libre y Peso Constante con bialetas.  <\/p>\n<p>La teor\u00eda incluir\u00e1: Fisiolog\u00eda, compensaci\u00f3n, barotrauma, pulmones en profundidad, flotabilidad, s\u00edncope en aguas poco profundas, conceptos de entrenamiento, el reflejo de inmersi\u00f3n de los mam\u00edferos, enfermedad por descompresi\u00f3n, intervalos en superficie y el c\u00f3digo de conducta del apne\u00edsta.<\/p>\n<p><strong><em>Precio:<\/em><\/strong> 400 \u20ac<br \/>El precio incluye material digital, certificaci\u00f3n digital y seguro de apnea durante el curso. No incluye el equipo, pero podemos proporcionarte todo el equipo que necesites para la apnea. <\/p>\n<p><strong> <\/strong><\/p>\n<p><strong><\/strong><\/p>\n<p><strong> <\/strong><\/p>\n<p>[\/et_pb_toggle][\/et_pb_column][et_pb_column type=\u00bb1_4&#8243; _builder_version=\u00bb4.27.4&#8243; _module_preset=\u00bbdefault\u00bb background_color=\u00bb#FFFFFF\u00bb custom_padding=\u00bb20px|20px|20px|20px|true|true\u00bb global_colors_info=\u00bb{}\u00bb][et_pb_image src=\u00bbhttps:\/\/apnealanzarote.com\/wp-content\/uploads\/2026\/08\/WhatsApp-Image-2026-07-30-at-21.41.17-3.jpeg\u00bb title_text=\u00bbImagen de WhatsApp del 30 de julio de 2026 a las 21:41:17 (3)\u00bb align=\u00bbcenter\u00bb _builder_version=\u00bb4.27.6&#8243; _module_preset=\u00bbdefault\u00bb global_colors_info=\u00bb{}\u00bb][\/et_pb_image][et_pb_text _builder_version=\u00bb4.27.6&#8243; _module_preset=\u00bbdefault\u00bb text_font=\u00bb|800|||||||\u00bb text_text_color=\u00bb#15217F\u00bb text_font_size=\u00bb18px\u00bb text_orientation=\u00bbcenter\u00bb global_colors_info=\u00bb{}\u00bb]<\/p>\n<p>SSI 1, 2<br \/>FFESSM<br \/>CMAS 1, 2, 3 estrellas<\/p>\n<p>[\/et_pb_text][et_pb_text _builder_version=\u00bb4.27.4&#8243; _module_preset=\u00bbdefault\u00bb text_text_color=\u00bb#15217F\u00bb global_colors_info=\u00bb{}\u00bb]<\/p>\n<p>Cursos de apnea<\/p>\n<p>[\/et_pb_text][et_pb_toggle title=\u00bbLeer m\u00e1s\u00bb closed_toggle_background_color=\u00bb#06E5EF\u00bb icon_color=\u00bb#1F2827&#8243; toggle_icon=\u00bb&#x3b;||divi||400&#8243; open_icon_color=\u00bb#1F2827&#8243; open_toggle_icon=\u00bb&#x3a;||divi||400&#8243; _builder_version=\u00bb4.27.6&#8243; _module_preset=\u00bbdefault\u00bb title_text_color=\u00bb#1F2827&#8243; title_font_size=\u00bb14px\u00bb custom_padding=\u00bb10px||10px||true|false\u00bb border_width_all=\u00bb0px\u00bb global_colors_info=\u00bb{}\u00bb]<\/p>\n<p>Cursos de buceo libre SSI 1 y 2, FFESSM y CMAS de 1, 2 y 3 estrellas. Si quieres m\u00e1s informaci\u00f3n sobre estos cursos (precios, duraci\u00f3n, disponibilidad), ponte en contacto con nosotros directamente.   <\/p>\n<p>[\/et_pb_toggle][\/et_pb_column][et_pb_column type=\u00bb1_4&#8243; _builder_version=\u00bb4.27.4&#8243; _module_preset=\u00bbdefault\u00bb background_color=\u00bb#FFFFFF\u00bb custom_padding=\u00bb20px|20px|20px|20px|true|true\u00bb global_colors_info=\u00bb{}\u00bb][et_pb_image src=\u00bbhttps:\/\/apnealanzarote.com\/wp-content\/uploads\/2026\/08\/WhatsApp-Image-2026-08-01-at-18.14.25-e1785601008317-1.jpeg\u00bb title_text=\u00bbImagen de WhatsApp del 1 de agosto de 2026 a las 18:14:25 \u2013 e1785601008317&#8243; align=\u00bbcenter\u00bb _builder_version=\u00bb4.27.6&#8243; _module_preset=\u00bbdefault\u00bb min_height=\u00bb225px\u00bb custom_margin=\u00bb||0px|||\u00bb global_colors_info=\u00bb{}\u00bb][\/et_pb_image][et_pb_text _builder_version=\u00bb4.27.6&#8243; _module_preset=\u00bbdefault\u00bb text_font=\u00bb|800||on|||||\u00bb text_text_color=\u00bb#15217F\u00bb text_font_size=\u00bb18px\u00bb text_orientation=\u00bbcenter\u00bb custom_margin=\u00bb13px|||||\u00bb global_colors_info=\u00bb{}\u00bb]<\/p>\n<p><span>Curso y formaci\u00f3n sobre la igualaci\u00f3n de l\u00edmites m\u00f3viles<\/span><\/p>\n<p>[\/et_pb_text][et_pb_text _builder_version=\u00bb4.27.4&#8243; _module_preset=\u00bbdefault\u00bb text_text_color=\u00bb#15217F\u00bb global_colors_info=\u00bb{}\u00bb]<\/p>\n<p>Curso de compensaci\u00f3n<\/p>\n<p>[\/et_pb_text][et_pb_toggle title=\u00bbLeer m\u00e1s\u00bb closed_toggle_background_color=\u00bb#06E5EF\u00bb icon_color=\u00bb#1F2827&#8243; toggle_icon=\u00bb&#x3b;||divi||400&#8243; open_icon_color=\u00bb#1F2827&#8243; open_toggle_icon=\u00bb&#x3a;||divi||400&#8243; _builder_version=\u00bb4.27.6&#8243; _module_preset=\u00bbdefault\u00bb title_text_color=\u00bb#1F2827&#8243; title_font_size=\u00bb14px\u00bb custom_padding=\u00bb10px||10px||true|false\u00bb border_width_all=\u00bb0px\u00bb global_colors_info=\u00bb{}\u00bb]<\/p>\n<p>Curso de igualaci\u00f3n para todos los niveles, desde principiantes hasta avanzados. Para cualquier otra informaci\u00f3n (duraci\u00f3n, precios, etc.), ponte en contacto con nosotros directamente. <\/p>\n<p>[\/et_pb_toggle][\/et_pb_column][\/et_pb_row][et_pb_row _builder_version=\u00bb4.27.4&#8243; _module_preset=\u00bbdefault\u00bb background_color=\u00bb#1F283D\u00bb width=\u00bb90%\u00bb custom_margin=\u00bb50px||||false|false\u00bb global_colors_info=\u00bb{}\u00bb][et_pb_column type=\u00bb4_4&#8243; _builder_version=\u00bb4.27.4&#8243; _module_preset=\u00bbdefault\u00bb global_colors_info=\u00bb{}\u00bb][et_pb_text _builder_version=\u00bb4.27.4&#8243; _module_preset=\u00bbdefault\u00bb text_text_color=\u00bb#FFFFFF\u00bb text_orientation=\u00bbcenter\u00bb text_orientation_tablet=\u00bbcenter\u00bb text_orientation_phone=\u00bbcenter\u00bb text_orientation_last_edited=\u00bbon|desktop\u00bb global_colors_info=\u00bb{}\u00bb]<\/p>\n<p>PARA APNE\u00cdSTAS QUE YA PRACTICAN APNEA Y QUIEREN MEJORAR LA RELAJACI\u00d3N, LA COMPENSACI\u00d3N, LA EFICIENCIA Y LA CONFIANZA EN EL AGUA, \u00a1RESERVA NUESTRAS SESIONES DE COACHING DE MEJORA DE LA T\u00c9CNICA EN GRUPO O PRIVADAS!<\/p>\n<p>[\/et_pb_text][\/et_pb_column][\/et_pb_row][et_pb_row column_structure=\u00bb1_2,1_2&#8243; use_custom_gutter=\u00bbon\u00bb gutter_width=\u00bb2&#8243; make_equal=\u00bbon\u00bb _builder_version=\u00bb4.27.6&#8243; _module_preset=\u00bbdefault\u00bb background_color=\u00bb#1F283D\u00bb width=\u00bb90%\u00bb custom_padding=\u00bb0px||0px||true|false\u00bb global_colors_info=\u00bb{}\u00bb][et_pb_column type=\u00bb1_2&#8243; _builder_version=\u00bb4.27.4&#8243; _module_preset=\u00bbdefault\u00bb background_color=\u00bb#FFFFFF\u00bb custom_padding=\u00bb20px|20px|20px|20px|true|true\u00bb global_colors_info=\u00bb{}\u00bb][et_pb_image src=\u00bbhttps:\/\/apnealanzarote.com\/wp-content\/uploads\/2026\/04\/Apnea-Lanzarote-05.jpg\u00bb title_text=\u00bbApnea Lanzarote-05&#8243; align=\u00bbcenter\u00bb _builder_version=\u00bb4.27.6&#8243; _module_preset=\u00bbdefault\u00bb global_colors_info=\u00bb{}\u00bb][\/et_pb_image][et_pb_text _builder_version=\u00bb4.27.6&#8243; _module_preset=\u00bbdefault\u00bb text_font=\u00bb|800|||||||\u00bb text_text_color=\u00bb#15217F\u00bb text_font_size=\u00bb18px\u00bb text_orientation=\u00bbcenter\u00bb global_colors_info=\u00bb{}\u00bb]<\/p>\n<p>ENTRENAMIENTO DE BUCEO LIBRE Y COACHING DE \u00ab<br \/>\u00bb<\/p>\n<p>[\/et_pb_text][et_pb_toggle title=\u00bbLeer m\u00e1s\u00bb closed_toggle_background_color=\u00bb#06E5EF\u00bb icon_color=\u00bb#1F2827&#8243; toggle_icon=\u00bb&#x3b;||divi||400&#8243; open_icon_color=\u00bb#1F2827&#8243; open_toggle_icon=\u00bb&#x3a;||divi||400&#8243; _builder_version=\u00bb4.27.6&#8243; _module_preset=\u00bbdefault\u00bb title_text_color=\u00bb#1F2827&#8243; title_font_size=\u00bb14px\u00bb custom_padding=\u00bb10px||10px||true|false\u00bb border_width_all=\u00bb0px\u00bb global_colors_info=\u00bb{}\u00bb]<\/p>\n<p><span><\/span><\/p>\n<p><span>Ofrecemos formaci\u00f3n y entrenamiento de buceo libre para todos los niveles, tanto en el mar como en la piscina. Cada sesi\u00f3n se adapta a cada buceador de forma individual.   <\/span><\/p>\n<ul>\n<li><strong><em>Entrenamiento de buceo libre en el mar:<\/em><\/strong> 50 \u20ac por sesi\u00f3n; 5 sesiones o m\u00e1s, 45 \u20ac; 10 sesiones, 400 \u20ac.<\/li>\n<li><strong><em>Entrenamiento de apnea en piscina (STA, DYN):<\/em><\/strong> 30 \u20ac\/sesi\u00f3n<\/li>\n<li><strong><em>Coaching\/mentor\u00eda de apnea online:<\/em><\/strong> 100 \u20ac\/mes<\/li>\n<\/ul>\n<p>Trabajamos en grupos peque\u00f1os.  <\/p>\n<p>Si ya tienes experiencia y solo necesitas un flotador, te lo podemos proporcionar por 20 \u20ac por persona y sesi\u00f3n.  <\/p>\n<p>Si ya tienes entrenador y solo necesitas un asistente de seguridad, podemos encargarnos de ello por 40 \u20ac por sesi\u00f3n.<\/p>\n<p>Tambi\u00e9n ofrecemos clases particulares y entrenamiento personalizado. Si quieres una experiencia totalmente personalizada y adaptada a tu nivel, ritmo y objetivos, ponte en contacto con nosotros directamente y te daremos m\u00e1s informaci\u00f3n. <\/p>\n<p>&nbsp;<\/p>\n<p>[\/et_pb_toggle][\/et_pb_column][et_pb_column type=\u00bb1_2&#8243; _builder_version=\u00bb4.27.4&#8243; _module_preset=\u00bbdefault\u00bb background_color=\u00bb#FFFFFF\u00bb custom_padding=\u00bb20px|20px|20px|20px|true|true\u00bb global_colors_info=\u00bb{}\u00bb][et_pb_image src=\u00bbhttps:\/\/apnealanzarote.com\/wp-content\/uploads\/2026\/04\/Apnea-Lanzarote-02.jpg\u00bb title_text=\u00bbApnea Lanzarote-02&#8243; align=\u00bbcenter\u00bb _builder_version=\u00bb4.27.6&#8243; _module_preset=\u00bbdefault\u00bb global_colors_info=\u00bb{}\u00bb][\/et_pb_image][et_pb_text _builder_version=\u00bb4.27.6&#8243; _module_preset=\u00bbdefault\u00bb text_font=\u00bb|800|||||||\u00bb text_text_color=\u00bb#15217F\u00bb text_font_size=\u00bb18px\u00bb text_orientation=\u00bbcenter\u00bb global_colors_info=\u00bb{}\u00bb]<\/p>\n<p>TALLERES Y RETIROS DE BUCEO LIBRE  <\/p>\n<p>[\/et_pb_text][et_pb_toggle title=\u00bbLeer m\u00e1s\u00bb closed_toggle_background_color=\u00bb#06E5EF\u00bb icon_color=\u00bb#1F2827&#8243; toggle_icon=\u00bb&#x3b;||divi||400&#8243; open_icon_color=\u00bb#1F2827&#8243; open_toggle_icon=\u00bb&#x3a;||divi||400&#8243; _builder_version=\u00bb4.27.6&#8243; _module_preset=\u00bbdefault\u00bb title_text_color=\u00bb#1F2827&#8243; title_font_size=\u00bb14px\u00bb custom_padding=\u00bb10px||10px||true|false\u00bb border_width_all=\u00bb0px\u00bb global_colors_info=\u00bb{}\u00bb]<\/p>\n<p>Organizamos talleres y retiros de buceo en apnea.<\/p>\n<ul>\n<li><strong>Del 2 al 6 de noviembre, taller de nataci\u00f3n y apnea con Marco y Christian.<\/strong>  Para todos los que quer\u00e1is mejorar vuestra t\u00e9cnica y rendimiento en nataci\u00f3n y apnea. El taller se celebrar\u00e1 en Puerto del Carmen. Para m\u00e1s informaci\u00f3n e inscripciones, por favor, contactad con nosotros directamente.  <\/li>\n<li><strong>Del 16 al 20 de noviembre: pranayama + apnea con Karin y Christian.<\/strong>  Para todos los que quer\u00e1is saber m\u00e1s sobre el pranayama y la apnea. El taller se impartir\u00e1 en Puerto del Carmen. Para m\u00e1s informaci\u00f3n e inscripciones, por favor, contactad con nosotros directamente.  <\/li>\n<li><strong>Del 10 al 14 de mayo: taller de igualaci\u00f3n \u00abMoving Limits\u00bb con Federico Mana y Christian Vogler.<\/strong>  El taller se celebrar\u00e1 en Puerto del Carmen. Para m\u00e1s informaci\u00f3n e inscripciones, ponte en contacto con nosotros directamente. <\/li>\n<\/ul>\n<p><strong>NUEVO:<\/strong><\/p>\n<p>Si formas parte de un club de buceo libre y est\u00e1s buscando un sitio donde pasar una semana practicando buceo libre con tu club, env\u00edanos un mensaje. \u00a1Podemos ayudarte a organizar y llevar a cabo una semana de entrenamiento de buceo libre a medida para tu club aqu\u00ed, en la preciosa isla de Lanzarote! <\/p>\n<p>[\/et_pb_toggle][\/et_pb_column][\/et_pb_row][\/et_pb_section][et_pb_section fb_built=\u00bb1&#8243; module_id=\u00bbpor qu\u00e9\u00bb _builder_version=\u00bb4.27.4&#8243; _module_preset=\u00bbdefault\u00bb background_color=\u00bb#FDEFCF\u00bb custom_padding=\u00bb||0px|||\u00bb locked=\u00bboff\u00bb global_colors_info=\u00bb{}\u00bb][et_pb_row _builder_version=\u00bb4.27.4&#8243; _module_preset=\u00bbdefault\u00bb custom_padding=\u00bb||25px|||\u00bb global_colors_info=\u00bb{}\u00bb][et_pb_column type=\u00bb4_4&#8243; _builder_version=\u00bb4.27.4&#8243; _module_preset=\u00bbdefault\u00bb global_colors_info=\u00bb{}\u00bb][et_pb_text _builder_version=\u00bb4.27.6&#8243; _module_preset=\u00bbdefault\u00bb header_2_text_align=\u00bbcenter\u00bb custom_margin=\u00bb||14px|||\u00bb header_2_font_size_tablet=\u00bb\u00bb header_2_font_size_phone=\u00bb20px\u00bb header_2_font_size_last_edited=\u00bbon|phone\u00bb global_colors_info=\u00bb{}\u00bb]<\/p>\n<h2>Apnea Lanzarote: Alianzas y colaboraciones<\/h2>\n<p>[\/et_pb_text][\/et_pb_column][\/et_pb_row][et_pb_row column_structure=\u00bb1_3,1_3,1_3&#8243; _builder_version=\u00bb4.27.6&#8243; _module_preset=\u00bbdefault\u00bb global_colors_info=\u00bb{}\u00bb][et_pb_column type=\u00bb1_3&#8243; _builder_version=\u00bb4.27.6&#8243; _module_preset=\u00bbdefault\u00bb global_colors_info=\u00bb{}\u00bb][et_pb_text _builder_version=\u00bb4.27.6&#8243; _module_preset=\u00bbdefault\u00bb header_2_text_align=\u00bbcenter\u00bb custom_margin=\u00bb||14px|||\u00bb header_2_font_size_tablet=\u00bb\u00bb header_2_font_size_phone=\u00bb20px\u00bb header_2_font_size_last_edited=\u00bbon|phone\u00bb locked=\u00bboff\u00bb global_colors_info=\u00bb{}\u00bb]<\/p>\n<h2>Con Apneemotion<\/h2>\n<p>[\/et_pb_text][et_pb_text _builder_version=\u00bb4.27.6&#8243; _module_preset=\u00bbdefault\u00bb global_colors_info=\u00bb{}\u00bb]<\/p>\n<p>Si quieres practicar buceo en apnea en Martinica, \u00a1Apn\u00e9emotion es tu mejor opci\u00f3n! Tienen su sede en Saint-Mandrier-sur-Mer, cerca de Toulon. Descubre aqu\u00ed lo que hacen:  <\/p>\n<p>[\/et_pb_text][et_pb_toggle title=\u00bbSobre Apn\u00e9emotion\u00bb closed_toggle_background_color=\u00bb#06E5EF\u00bb icon_color=\u00bb#1F2827&#8243; toggle_icon=\u00bb&#x3b;||divi||400&#8243; open_icon_color=\u00bb#1F2827&#8243; open_toggle_icon=\u00bb&#x3a;||divi||400&#8243; _builder_version=\u00bb4.27.6&#8243; _module_preset=\u00bbdefault\u00bb title_text_color=\u00bb#1F2827&#8243; title_font_size=\u00bb14px\u00bb custom_padding=\u00bb10px||10px||true|false\u00bb link_option_url=\u00bbhttps:\/\/apneemotion.com\/metropole\/\u00bb border_width_all=\u00bb0px\u00bb locked=\u00bboff\u00bb global_colors_info=\u00bb{}\u00bb]<\/p>\n<div class=\"ii gt\" jslog=\"20277; u014N:xr6bB; 1:WyIjdGhyZWFkLWY6MTg3MjIzNzIzNzc1MTk4MTA3NCJd; 4:WyIjbXNnLWY6MTg3MjIzNzIzNzc1MTk4MTA3NCIsbnVsbCxudWxsLG51bGwsMSwwLFsxLDAsMF0sMzk1LDI2MTgsbnVsbCxudWxsLG51bGwsbnVsbCxudWxsLDEsbnVsbCxudWxsLFswXSxudWxsLG51bGwsbnVsbCxudWxsLG51bGwsbnVsbCwwLG51bGwsbnVsbCxudWxsLG51bGwsbnVsbCxbMSwwXSwwXQ..\" id=\":15w\">\n<div class=\"a3s aiL \" id=\":15v\">\n<div id=\"avWBGd-121\">\n<div class=\"gmail_quote\">\n<div dir=\"ltr\">\n<div id=\"m_-3522169982263839690m_6404688417207245573gmail-:1kl\" aria-label=\"Message body\" role=\"textbox\" aria-multiline=\"true\" aria-controls=\":1vn\" aria-expanded=\"false\">\n<div style=\"text-align: justify;\"><strong><span dir=\"auto\">Tu escuela de buceo libre en Francia continental <\/span><span dir=\"auto\">fundada por Franck Houbloup<\/span><\/strong><\/div>\n<div style=\"text-align: justify;\"><\/div>\n<div style=\"text-align: justify;\"><\/div>\n<div style=\"text-align: justify;\"><a href=\"https:\/\/apneemotion.com\/metropole\/\">https:\/\/apneemotion.com\/metropole\/<\/a><\/div>\n<div style=\"text-align: justify;\"><\/div>\n<div style=\"text-align: justify;\"><\/div>\n<div style=\"text-align: justify;\">Fundada en 2019, Apneemotion es una escuela de buceo libre situada en Saint-Mandrier-sur-Mer, cerca de Toulon, y tambi\u00e9n en Martinica. Desde el principio, nuestro objetivo ha sido ofrecer una formaci\u00f3n exigente, accesible y muy humana, en la que cada buceador libre pueda progresar a su propio ritmo. <\/div>\n<div dir=\"ltr\" class=\"gmail_signature\" style=\"text-align: justify;\">\n<div dir=\"ltr\">\n<p><span dir=\"auto\">Ofrecemos cursos de formaci\u00f3n de AIDA y FFESSM, desde el nivel principiante hasta el de instructor, adem\u00e1s de talleres y entrenamiento personalizado. Para los buceadores en apnea que quieran ir m\u00e1s all\u00e1, tambi\u00e9n ofrecemos buceo en apnea de profundidad, supervisado por rigurosos protocolos de seguridad. A lo largo del a\u00f1o, organizamos clases magistrales impartidas por deportistas de \u00e9lite, lo que te brinda una oportunidad \u00fanica de progresar junto a los mejores de este deporte.  <\/span><\/p>\n<p><span dir=\"auto\">Nuestra escuela destaca por su experiencia en la igualaci\u00f3n, con una ense\u00f1anza basada en el m\u00e9todo \u00abShare Equalization\u00bb desarrollado por Federico Mana, y por su apuesta por trabajar en grupos reducidos (un m\u00e1ximo de 4 alumnos por profesor) para ofrecer un apoyo personalizado y un progreso de gran calidad.<\/span><\/p>\n<p><span dir=\"auto\">Esta colaboraci\u00f3n con Apnea Lanzarote es, ante todo, el encuentro entre dos escuelas que comparten la misma visi\u00f3n del buceo en apnea. A lo largo de los a\u00f1os, hemos tenido el placer de recibir a Christian Vogler, que entrena con nosotros regularmente para prepararse para el Campeonato de Francia de Profundidad en Niza. Esta confianza mutua ha dado lugar, de forma natural, a esta colaboraci\u00f3n.  <\/span><\/p>\n<p><span dir=\"auto\">Nuestro objetivo com\u00fan es que todos los buceadores en apnea puedan seguir progresando de la mano de instructores apasionados, respetando los valores que enriquecen nuestra disciplina: la seguridad, el compartir, la transmisi\u00f3n de conocimientos y la alegr\u00eda de moverte bajo el agua. Estamos convencidos de que el futuro del buceo en apnea est\u00e1 en las escuelas que transmiten estos valores con pasi\u00f3n y con un alto nivel de exigencia. <\/span><\/p>\n<p><span dir=\"auto\">Si te has iniciado en el buceo en apnea con Apnea Lanzarote, nos encantar\u00eda recibirte en Francia continental para ayudarte en la siguiente etapa de tu formaci\u00f3n.<\/span><\/p>\n<p>&nbsp;<\/p>\n<\/div>\n<\/div>\n<\/div>\n<\/div>\n<div class=\"yj6qo\" style=\"text-align: justify;\"><\/div>\n<div class=\"adL\"><\/div>\n<\/div>\n<div class=\"adL\"><\/div>\n<\/div>\n<\/div>\n<\/div>\n<div class=\"hq gt \" id=\":169\"><\/div>\n<p>[\/et_pb_toggle][et_pb_text _builder_version=\u00bb4.27.6&#8243; _module_preset=\u00bbdefault\u00bb header_2_text_align=\u00bbcenter\u00bb header_4_text_align=\u00bbcenter\u00bb custom_margin=\u00bb||14px|||\u00bb header_2_font_size_tablet=\u00bb\u00bb header_2_font_size_phone=\u00bb20px\u00bb header_2_font_size_last_edited=\u00bbon|phone\u00bb locked=\u00bboff\u00bb global_colors_info=\u00bb{}\u00bb]<\/p>\n<h4>Oferta especial<\/h4>\n<p>[\/et_pb_text][et_pb_text _builder_version=\u00bb4.27.6&#8243; _module_preset=\u00bbdefault\u00bb global_colors_info=\u00bb{}\u00bb]<\/p>\n<p><span dir=\"auto\">Como alumno de Apnea Lanzarote, recibir\u00e1s un descuento de 10 \u20ac por cada 100 \u20ac que gastes en Apneemotion, gracias al vale de regalo que te entregar\u00e1n al terminar tu formaci\u00f3n en Lanzarote. Recuerda presentarlo al hacer tu reserva para aprovechar esta oferta. <\/span><\/p>\n<p>[\/et_pb_text][et_pb_image src=\u00bbhttps:\/\/apnealanzarote.com\/wp-content\/uploads\/2026\/08\/bon-cadeau-Apneemotion-300&#215;143.png\u00bb title_text=\u00bbvale regalo de Apneemotion\u00bb align=\u00bbcenter\u00bb _builder_version=\u00bb4.27.6&#8243; _module_preset=\u00bbdefault\u00bb min_height=\u00bb255.6px\u00bb locked=\u00bboff\u00bb global_colors_info=\u00bb{}\u00bb][\/et_pb_image][\/et_pb_column][et_pb_column type=\u00bb1_3&#8243; _builder_version=\u00bb4.27.6&#8243; _module_preset=\u00bbdefault\u00bb global_colors_info=\u00bb{}\u00bb][et_pb_text _builder_version=\u00bb4.27.6&#8243; _module_preset=\u00bbdefault\u00bb header_2_text_align=\u00bbcenter\u00bb custom_margin=\u00bb||14px|||\u00bb header_2_font_size_tablet=\u00bb\u00bb header_2_font_size_phone=\u00bb20px\u00bb header_2_font_size_last_edited=\u00bbon|phone\u00bb locked=\u00bboff\u00bb global_colors_info=\u00bb{}\u00bb]<\/p>\n<h2>Con LanzaConcierge<\/h2>\n<p>[\/et_pb_text][et_pb_text _builder_version=\u00bb4.27.6&#8243; _module_preset=\u00bbdefault\u00bb locked=\u00bboff\u00bb global_colors_info=\u00bb{}\u00bb]<\/p>\n<div class=\"ii gt\" jslog=\"20277; u014N:xr6bB; 1:WyIjdGhyZWFkLWY6MTg3MjIzNzIzNzc1MTk4MTA3NCJd; 4:WyIjbXNnLWY6MTg3MjIzNzIzNzc1MTk4MTA3NCIsbnVsbCxudWxsLG51bGwsMSwwLFsxLDAsMF0sMzk1LDI2MTgsbnVsbCxudWxsLG51bGwsbnVsbCxudWxsLDEsbnVsbCxudWxsLFswXSxudWxsLG51bGwsbnVsbCxudWxsLG51bGwsbnVsbCwwLG51bGwsbnVsbCxudWxsLG51bGwsbnVsbCxbMSwwXSwwXQ..\" id=\":15w\">\n<div class=\"a3s aiL \" id=\":15v\">\n<div id=\"avWBGd-121\">\n<div class=\"gmail_quote\">\n<div dir=\"ltr\">\n<div id=\"m_-3522169982263839690m_6404688417207245573gmail-:1kl\" aria-label=\"Message body\" role=\"textbox\" aria-multiline=\"true\" aria-controls=\":1vn\" aria-expanded=\"false\">\n<div style=\"text-align: justify;\"><strong><span dir=\"auto\">Jean Luc es un experto en encontrarte el mejor alojamiento en Lanzarote.<\/span><\/strong><\/div>\n<div style=\"text-align: justify;\"><strong><span dir=\"auto\"><\/span><\/strong><\/div>\n<div style=\"text-align: justify;\"><span dir=\"auto\">Si no te apetece complicarte la vida buscando y reservando un sitio donde alojarte, ponte en contacto con Jean Luc. Seguro que te puede ayudar a solucionarlo.   <\/span><\/div>\n<div style=\"text-align: justify;\"><strong><span dir=\"auto\"><\/span><\/strong><\/div>\n<div style=\"text-align: justify;\"><span dir=\"auto\">+34 671 449 211<\/span><\/div>\n<div style=\"text-align: justify;\"><strong><span dir=\"auto\"><\/span><\/strong><\/div>\n<div style=\"text-align: justify;\"><\/div>\n<div style=\"text-align: justify;\"><strong><span dir=\"auto\"><\/span><\/strong><\/div>\n<div style=\"text-align: justify;\"><strong><span dir=\"auto\"><\/span><\/strong><\/div>\n<div style=\"text-align: justify;\"><\/div>\n<div style=\"text-align: justify;\"><\/div>\n<div style=\"text-align: justify;\"><\/div>\n<\/div>\n<\/div>\n<div class=\"yj6qo\" style=\"text-align: justify;\"><\/div>\n<div class=\"adL\"><\/div>\n<\/div>\n<div class=\"adL\"><\/div>\n<\/div>\n<\/div>\n<\/div>\n<div class=\"hq gt \" id=\":169\"><\/div>\n<p>[\/et_pb_text][et_pb_button button_url=\u00bbhttps:\/\/www.facebook.com\/profile.php?id=100091629648960%20&#8243; button_text=\u00bbP\u00e1gina de Facebook\u00bb button_alignment=\u00bbcenter\u00bb _builder_version=\u00bb4.27.6&#8243; _module_preset=\u00bbdefault\u00bb custom_button=\u00bbon\u00bb button_text_color=\u00bb#15217F\u00bb button_bg_color=\u00bb#06E5EF\u00bb button_border_width=\u00bb0px\u00bb global_colors_info=\u00bb{}\u00bb][\/et_pb_button][\/et_pb_column][et_pb_column type=\u00bb1_3&#8243; _builder_version=\u00bb4.27.6&#8243; _module_preset=\u00bbdefault\u00bb global_colors_info=\u00bb{}\u00bb][et_pb_text _builder_version=\u00bb4.27.6&#8243; _module_preset=\u00bbdefault\u00bb header_2_text_align=\u00bbcenter\u00bb custom_margin=\u00bb||14px|||\u00bb header_2_font_size_tablet=\u00bb\u00bb header_2_font_size_phone=\u00bb20px\u00bb header_2_font_size_last_edited=\u00bbon|phone\u00bb locked=\u00bboff\u00bb global_colors_info=\u00bb{}\u00bb]<\/p>\n<h2>Con Apartamentos Bella Vista<\/h2>\n<p>[\/et_pb_text][et_pb_gallery gallery_ids=\u00bb949,944,945,946,947,948,950&#8243; fullwidth=\u00bbon\u00bb _builder_version=\u00bb4.27.6&#8243; _module_preset=\u00bbdefault\u00bb global_colors_info=\u00bb{}\u00bb locked=\u00bboff\u00bb][\/et_pb_gallery][et_pb_text _builder_version=\u00bb4.27.6&#8243; _module_preset=\u00bbdefault\u00bb locked=\u00bboff\u00bb global_colors_info=\u00bb{}\u00bb]<\/p>\n<div class=\"ii gt\" jslog=\"20277; u014N:xr6bB; 1:WyIjdGhyZWFkLWY6MTg3MjIzNzIzNzc1MTk4MTA3NCJd; 4:WyIjbXNnLWY6MTg3MjIzNzIzNzc1MTk4MTA3NCIsbnVsbCxudWxsLG51bGwsMSwwLFsxLDAsMF0sMzk1LDI2MTgsbnVsbCxudWxsLG51bGwsbnVsbCxudWxsLDEsbnVsbCxudWxsLFswXSxudWxsLG51bGwsbnVsbCxudWxsLG51bGwsbnVsbCwwLG51bGwsbnVsbCxudWxsLG51bGwsbnVsbCxbMSwwXSwwXQ..\" id=\":15w\">\n<div class=\"a3s aiL \" id=\":15v\">\n<div id=\"avWBGd-121\">\n<div class=\"gmail_quote\">\n<div dir=\"ltr\">\n<div id=\"m_-3522169982263839690m_6404688417207245573gmail-:1kl\" aria-label=\"Message body\" role=\"textbox\" aria-multiline=\"true\" aria-controls=\":1vn\" aria-expanded=\"false\">\n<div style=\"text-align: justify;\"><strong><span dir=\"auto\">\u00a1Una opci\u00f3n de alojamiento a solo 5 minutos andando de Playa Chica!<\/span><\/strong><\/div>\n<div style=\"text-align: justify;\"><strong><span dir=\"auto\"><\/span><\/strong><\/div>\n<div style=\"text-align: justify;\">Si buscas un alojamiento tranquilo, limpio y muy cerca de nuestro punto de encuentro matutino (\u00a1para que puedas dormir m\u00e1s!), los Apartamentos Bella Vista son EL lugar perfecto para ti.  <\/div>\n<\/div>\n<\/div>\n<div class=\"yj6qo\" style=\"text-align: justify;\"><\/div>\n<div class=\"adL\"><\/div>\n<\/div>\n<div class=\"adL\"><\/div>\n<\/div>\n<\/div>\n<\/div>\n<div class=\"hq gt \" id=\":169\"><\/div>\n<p>[\/et_pb_text][et_pb_button button_url=\u00bbhttps:\/\/www.facebook.com\/profile.php?id=100091629648960%20&#8243; button_text=\u00bbReserva tu estancia\u00bb button_alignment=\u00bbcenter\u00bb _builder_version=\u00bb4.27.6&#8243; _module_preset=\u00bbdefault\u00bb custom_button=\u00bbon\u00bb button_text_color=\u00bb#15217F\u00bb button_bg_color=\u00bb#06E5EF\u00bb button_border_width=\u00bb0px\u00bb locked=\u00bboff\u00bb global_colors_info=\u00bb{}\u00bb][\/et_pb_button][et_pb_text _builder_version=\u00bb4.27.6&#8243; _module_preset=\u00bbdefault\u00bb header_2_text_align=\u00bbcenter\u00bb header_4_text_align=\u00bbcenter\u00bb custom_margin=\u00bb||14px|||\u00bb header_2_font_size_tablet=\u00bb\u00bb header_2_font_size_phone=\u00bb20px\u00bb header_2_font_size_last_edited=\u00bbon|phone\u00bb locked=\u00bboff\u00bb global_colors_info=\u00bb{}\u00bb]<\/p>\n<h4>Oferta especial<\/h4>\n<p>[\/et_pb_text][et_pb_text _builder_version=\u00bb4.27.6&#8243; _module_preset=\u00bbdefault\u00bb locked=\u00bboff\u00bb global_colors_info=\u00bb{}\u00bb]<\/p>\n<p><span dir=\"auto\">\u00a1Reserva tu estancia en la web <a href=\"https:\/\/www.lanzarotebellavista.com\/\">de https:\/\/www.lanzarotebellavista.com\/<\/a> con el c\u00f3digo promocional <strong>APNEALANZAROTE<\/strong> y consigue un 5 % de descuento en tu estancia!*<\/span><\/p>\n<p>*Oferta v\u00e1lida para los clientes que hayan reservado alguno de los servicios de Apnea Lanzarote.  <\/p>\n<p>[\/et_pb_text][\/et_pb_column][\/et_pb_row][\/et_pb_section][et_pb_section fb_built=\u00bb1&#8243; _builder_version=\u00bb4.27.6&#8243; _module_preset=\u00bbdefault\u00bb background_image=\u00bbhttps:\/\/apnealanzarote.com\/wp-content\/uploads\/2026\/04\/bg3_Apnea-Lanzarote_V1.jpg\u00bb global_colors_info=\u00bb{}\u00bb][et_pb_row _builder_version=\u00bb4.27.4&#8243; _module_preset=\u00bbdefault\u00bb global_colors_info=\u00bb{}\u00bb][et_pb_column type=\u00bb4_4&#8243; _builder_version=\u00bb4.27.4&#8243; _module_preset=\u00bbdefault\u00bb global_colors_info=\u00bb{}\u00bb][et_pb_text _builder_version=\u00bb4.27.4&#8243; _module_preset=\u00bbdefault\u00bb text_font=\u00bb|800|on||||||\u00bb text_text_color=\u00bb#FFFFFF\u00bb text_font_size=\u00bb24px\u00bb text_line_height=\u00bb1.5em\u00bb text_orientation=\u00bbcenter\u00bb width=\u00bb64%\u00bb width_tablet=\u00bb100%\u00bb width_phone=\u00bb100%\u00bb width_last_edited=\u00bbon|tablet\u00bb module_alignment=\u00bbcenter\u00bb text_text_shadow_style=\u00bbpreset1&#8243; global_colors_info=\u00bb{}\u00bb width__hover_enabled=\u00bbon|desktop\u00bb width__hover=\u00bb64%\u00bb]<\/p>\n<p>\u201cEl agua no sabe cu\u00e1ntos a\u00f1os tienes\u201d.<\/p>\n<p>[\/et_pb_text][et_pb_text _builder_version=\u00bb4.27.4&#8243; _module_preset=\u00bbdefault\u00bb text_text_color=\u00bb#FFFFFF\u00bb text_font_size=\u00bb16px\u00bb text_orientation=\u00bbcenter\u00bb global_colors_info=\u00bb{}\u00bb]<\/p>\n<p>Dara Torres<\/p>\n<p>[\/et_pb_text][\/et_pb_column][\/et_pb_row][\/et_pb_section][et_pb_section fb_built=\u00bb1&#8243; module_id=\u00bbnosotros\u00bb _builder_version=\u00bb4.27.4&#8243; _module_preset=\u00bbdefault\u00bb background_color=\u00bb#1F283D\u00bb custom_padding=\u00bb||156px|||\u00bb bottom_divider_style=\u00bbcurve\u00bb bottom_divider_color=\u00bb#1F2827&#8243; bottom_divider_flip=\u00bbvertical\u00bb bottom_divider_height_tablet=\u00bb\u00bb bottom_divider_height_phone=\u00bb48px\u00bb bottom_divider_height_last_edited=\u00bbon|phone\u00bb global_colors_info=\u00bb{}\u00bb][et_pb_row column_structure=\u00bb2_5,3_5&#8243; _builder_version=\u00bb4.27.4&#8243; _module_preset=\u00bbdefault\u00bb global_colors_info=\u00bb{}\u00bb][et_pb_column type=\u00bb2_5&#8243; _builder_version=\u00bb4.27.4&#8243; _module_preset=\u00bbdefault\u00bb global_colors_info=\u00bb{}\u00bb][et_pb_image src=\u00bbhttps:\/\/apnealanzarote.com\/wp-content\/uploads\/2026\/04\/logo_Apnea-Lanzarote_V2.png\u00bb title_text=\u00bblogo_Apnea-Lanzarote_V2&#8243; _builder_version=\u00bb4.27.6&#8243; _module_preset=\u00bbdefault\u00bb width=\u00bb35%\u00bb width_tablet=\u00bb35%\u00bb width_phone=\u00bb32%\u00bb width_last_edited=\u00bbon|phone\u00bb global_colors_info=\u00bb{}\u00bb][\/et_pb_image][et_pb_text _builder_version=\u00bb4.27.4&#8243; _module_preset=\u00bbdefault\u00bb header_2_text_align=\u00bbleft\u00bb header_2_text_color=\u00bb#FFFFFF\u00bb custom_margin=\u00bb||14px|||\u00bb header_2_font_size_tablet=\u00bb\u00bb header_2_font_size_phone=\u00bb20px\u00bb header_2_font_size_last_edited=\u00bbon|phone\u00bb global_colors_info=\u00bb{}\u00bb]<\/p>\n<h2>SOBRE NOSOTROS<\/h2>\n<p>[\/et_pb_text][et_pb_text _builder_version=\u00bb4.27.4&#8243; _module_preset=\u00bbdefault\u00bb header_3_text_color=\u00bb#FFFFFF\u00bb header_3_line_height=\u00bb1.4em\u00bb custom_margin=\u00bb||21px|||\u00bb header_3_font_size_tablet=\u00bb\u00bb header_3_font_size_phone=\u00bb18px\u00bb header_3_font_size_last_edited=\u00bbon|phone\u00bb global_colors_info=\u00bb{}\u00bb]<\/p>\n<h3>Conoce al equipo que hay detr\u00e1s de Apnea Lanzarote<\/h3>\n<p>[\/et_pb_text][et_pb_text _builder_version=\u00bb4.27.4&#8243; _module_preset=\u00bbdefault\u00bb text_text_color=\u00bb#FFFFFF\u00bb global_colors_info=\u00bb{}\u00bb]<\/p>\n<p><span>Apnea Lanzarote fue creada por dos atletas que comparten el amor por el rendimiento, el oc\u00e9ano y el estilo de vida de la isla.<\/span><\/p>\n<p><span>Su experiencia en el deporte de alto nivel, el entrenamiento y la apnea dan forma a una experiencia que es a la vez profundamente humana y altamente profesional.<\/span><\/p>\n<p>[\/et_pb_text][et_pb_social_media_follow icon_color=\u00bb#15217F\u00bb use_icon_font_size=\u00bbon\u00bb _builder_version=\u00bb4.27.6&#8243; _module_preset=\u00bbdefault\u00bb text_orientation=\u00bbleft\u00bb global_colors_info=\u00bb{}\u00bb][et_pb_social_media_follow_network social_network=\u00bbinstagram\u00bb url=\u00bbhttps:\/\/www.instagram.com\/apnea.lanzarote\u00bb _builder_version=\u00bb4.27.6&#8243; _module_preset=\u00bbdefault\u00bb background_color=\u00bb#06E5EF\u00bb background_enable_color=\u00bbon\u00bb global_colors_info=\u00bb{}\u00bb follow_button=\u00bboff\u00bb url_new_window=\u00bbon\u00bb]instagram[\/et_pb_social_media_follow_network][et_pb_social_media_follow_network social_network=\u00bbyoutube\u00bb url=\u00bbhttps:\/\/www.youtube.com\/@apnealanzarote\u00bb _builder_version=\u00bb4.27.6&#8243; _module_preset=\u00bbdefault\u00bb background_color=\u00bb#06E5EF\u00bb background_enable_color=\u00bbon\u00bb global_colors_info=\u00bb{}\u00bb follow_button=\u00bboff\u00bb url_new_window=\u00bbon\u00bb]youtube[\/et_pb_social_media_follow_network][et_pb_social_media_follow_network social_network=\u00bblinkedin\u00bb url=\u00bbhttps:\/\/www.linkedin.com\/company\/apnea-lanzarote\/\u00bb _builder_version=\u00bb4.27.6&#8243; _module_preset=\u00bbdefault\u00bb background_color=\u00bb#06E5EF\u00bb background_enable_color=\u00bbon\u00bb global_colors_info=\u00bb{}\u00bb follow_button=\u00bboff\u00bb url_new_window=\u00bbon\u00bb]linkedin[\/et_pb_social_media_follow_network][\/et_pb_social_media_follow][\/et_pb_column][et_pb_column type=\u00bb3_5&#8243; _builder_version=\u00bb4.27.4&#8243; _module_preset=\u00bbdefault\u00bb global_colors_info=\u00bb{}\u00bb][et_pb_image src=\u00bbhttps:\/\/apnealanzarote.com\/wp-content\/uploads\/2026\/04\/Apnea-Lanzarote_V2.png\u00bb title_text=\u00bb_Apnea-Lanzarote_V2&#8243; _builder_version=\u00bb4.27.6&#8243; _module_preset=\u00bbdefault\u00bb global_colors_info=\u00bb{}\u00bb][\/et_pb_image][\/et_pb_column][\/et_pb_row][et_pb_row column_structure=\u00bb1_2,1_2&#8243; _builder_version=\u00bb4.27.4&#8243; _module_preset=\u00bbdefault\u00bb background_color=\u00bb#15217F\u00bb global_colors_info=\u00bb{}\u00bb][et_pb_column type=\u00bb1_2&#8243; _builder_version=\u00bb4.27.4&#8243; _module_preset=\u00bbdefault\u00bb custom_padding=\u00bb|20px||20px|false|true\u00bb global_colors_info=\u00bb{}\u00bb][et_pb_text _builder_version=\u00bb4.27.4&#8243; _module_preset=\u00bbdefault\u00bb text_text_color=\u00bb#FFFFFF\u00bb text_font_size=\u00bb30px\u00bb text_orientation=\u00bbcenter\u00bb global_colors_info=\u00bb{}\u00bb]<\/p>\n<p><strong><span>Nika <\/span><\/strong><strong>Ko\u017ear<\/strong><\/p>\n<p>[\/et_pb_text][et_pb_text _builder_version=\u00bb4.27.4&#8243; _module_preset=\u00bbdefault\u00bb text_text_color=\u00bb#FFFFFF\u00bb text_orientation=\u00bbcenter\u00bb global_colors_info=\u00bb{}\u00bb]<\/p>\n<p><span>Ex triatleta de la <strong>selecci\u00f3n nacional de triatl\u00f3n de Eslovenia<\/strong> y apasionada de la apnea, Nika aporta energ\u00eda, sensibilidad y una gran comprensi\u00f3n del cuerpo en movimiento.<\/span><\/p>\n<p><span>Su enfoque combina disciplina, presencia y un deseo genuino de ayudar a los dem\u00e1s a sentirse seguros en el agua.<\/span><\/p>\n<p><strong><span>Conoce a Nika y descubre su camino desde el deporte de \u00e9lite hasta la apnea en Lanzarote.<\/span><\/strong><\/p>\n<p>[\/et_pb_text][et_pb_video src=\u00bbhttps:\/\/youtube.com\/shorts\/rGb4FvnBCSk?feature=share\u00bb image_src=\u00bbhttps:\/\/apnealanzarote.com\/wp-content\/uploads\/2026\/04\/IMG_8202.jpg\u00bb play_icon_color=\u00bb#1F2827&#8243; _builder_version=\u00bb4.27.6&#8243; _module_preset=\u00bbdefault\u00bb module_alignment=\u00bbcenter\u00bb global_colors_info=\u00bb{}\u00bb][\/et_pb_video][\/et_pb_column][et_pb_column type=\u00bb1_2&#8243; _builder_version=\u00bb4.27.4&#8243; _module_preset=\u00bbdefault\u00bb custom_padding=\u00bb|20px||20px|false|true\u00bb global_colors_info=\u00bb{}\u00bb][et_pb_text _builder_version=\u00bb4.27.4&#8243; _module_preset=\u00bbdefault\u00bb text_text_color=\u00bb#FFFFFF\u00bb text_font_size=\u00bb30px\u00bb text_orientation=\u00bbcenter\u00bb global_colors_info=\u00bb{}\u00bb]<\/p>\n<p><strong>Christian Vogler<\/strong><\/p>\n<p>[\/et_pb_text][et_pb_text _builder_version=\u00bb4.27.4&#8243; _module_preset=\u00bbdefault\u00bb text_text_color=\u00bb#FFFFFF\u00bb text_orientation=\u00bbcenter\u00bb global_colors_info=\u00bb{}\u00bb]<\/p>\n<p><span>Triatleta, <strong>campe\u00f3n del mundo m\u00e1ster de apnea 2022<\/strong>, antiguo entrenador de la <strong>selecci\u00f3n nacional francesa de apnea<\/strong>, y autor de la serie de libros <strong><em>Pour am\u00e9liorer son apn\u00e9e<\/em><\/strong>, Christian aporta una experiencia excepcional a los apne\u00edstas que quieren mejorar su pr\u00e1ctica con precisi\u00f3n y prop\u00f3sito.<\/span><\/p>\n<p><span>Su entrenamiento combina experiencia t\u00e9cnica, profundidad deportiva y una verdadera pasi\u00f3n por transmitir conocimientos.<\/span><\/p>\n<p><strong><span>Conoce a Christian y explora su visi\u00f3n de la apnea, el entrenamiento y el rendimiento.<\/span><\/strong><\/p>\n<p>[\/et_pb_text][et_pb_video src=\u00bbhttps:\/\/youtube.com\/shorts\/p-lSCR8_A7M?feature=share\u00bb image_src=\u00bbhttps:\/\/apnealanzarote.com\/wp-content\/uploads\/2026\/04\/IMG_8200.jpg\u00bb play_icon_color=\u00bb#1F2827&#8243; _builder_version=\u00bb4.27.6&#8243; _module_preset=\u00bbdefault\u00bb module_alignment=\u00bbcenter\u00bb global_colors_info=\u00bb{}\u00bb][\/et_pb_video][\/et_pb_column][\/et_pb_row][\/et_pb_section][et_pb_section fb_built=\u00bb1&#8243; module_id=\u00bbcontacto\u00bb _builder_version=\u00bb4.27.4&#8243; _module_preset=\u00bbdefault\u00bb background_color=\u00bb#1F2827&#8243; custom_padding=\u00bb||0px|||\u00bb global_colors_info=\u00bb{}\u00bb][et_pb_row _builder_version=\u00bb4.27.4&#8243; _module_preset=\u00bbdefault\u00bb global_colors_info=\u00bb{}\u00bb][et_pb_column type=\u00bb4_4&#8243; _builder_version=\u00bb4.27.4&#8243; _module_preset=\u00bbdefault\u00bb global_colors_info=\u00bb{}\u00bb][et_pb_text _builder_version=\u00bb4.27.4&#8243; _module_preset=\u00bbdefault\u00bb header_2_text_align=\u00bbcenter\u00bb header_2_text_color=\u00bb#FFFFFF\u00bb custom_margin=\u00bb||14px|||\u00bb global_colors_info=\u00bb{}\u00bb]<\/p>\n<h2><strong>UBICACI\u00d3N Y CONTACTO<\/strong><\/h2>\n<p>[\/et_pb_text][et_pb_text _builder_version=\u00bb4.27.4&#8243; _module_preset=\u00bbdefault\u00bb text_font=\u00bb|600|||||||\u00bb text_text_color=\u00bb#FFFFFF\u00bb text_font_size=\u00bb22px\u00bb text_orientation=\u00bbcenter\u00bb text_font_size_tablet=\u00bb22px\u00bb text_font_size_phone=\u00bb18px\u00bb text_font_size_last_edited=\u00bbon|phone\u00bb global_colors_info=\u00bb{}\u00bb]<\/p>\n<p><strong><span>Ven a bucear con nosotros en Lanzarote<\/span><\/strong><\/p>\n<p>[\/et_pb_text][et_pb_text _builder_version=\u00bb4.27.4&#8243; _module_preset=\u00bbdefault\u00bb text_text_color=\u00bb#FFFFFF\u00bb text_font_size=\u00bb18px\u00bb text_orientation=\u00bbcenter\u00bb text_font_size_tablet=\u00bb18px\u00bb text_font_size_phone=\u00bb14px\u00bb text_font_size_last_edited=\u00bbon|phone\u00bb text_orientation_tablet=\u00bbcenter\u00bb text_orientation_phone=\u00bbcenter\u00bb text_orientation_last_edited=\u00bbon|desktop\u00bb global_colors_info=\u00bb{}\u00bb]<\/p>\n<p><span dir=\"auto\" style=\"vertical-align: inherit;\"><span dir=\"auto\" style=\"vertical-align: inherit;\">\u00bfEst\u00e1s listo para descubrir la apnea en Lanzarote, mejorar tu t\u00e9cnica o crear una estancia de apnea y bienestar a tu medida?<br \/>\n<\/span><\/span><\/p>\n<p><strong><span dir=\"auto\" style=\"vertical-align: inherit;\"><span dir=\"auto\" style=\"vertical-align: inherit;\">Nos encantar\u00eda saber de ti.<\/span><\/span><\/strong><\/p>\n<p>[\/et_pb_text][\/et_pb_column][\/et_pb_row][et_pb_row column_structure=\u00bb1_3,1_3,1_3&#8243; use_custom_gutter=\u00bbon\u00bb make_equal=\u00bbon\u00bb _builder_version=\u00bb4.27.6&#8243; _module_preset=\u00bbdefault\u00bb global_colors_info=\u00bb{}\u00bb][et_pb_column type=\u00bb1_3&#8243; _builder_version=\u00bb4.27.6&#8243; _module_preset=\u00bbdefault\u00bb background_color=\u00bb#FDEFCF\u00bb global_colors_info=\u00bb{}\u00bb][et_pb_blurb title=\u00bbTel\u00e9fono\u00bb image_icon_background_color=\u00bb#15217F\u00bb image=\u00bbhttps:\/\/apnealanzarote.com\/wp-content\/uploads\/2026\/04\/contact_Apnea-Lanzarote-09.png\u00bb image_icon_width=\u00bb92px\u00bb _builder_version=\u00bb4.27.6&#8243; _module_preset=\u00bbdefault\u00bb header_font_size=\u00bb22px\u00bb body_text_color=\u00bb#1F283D\u00bb body_font_size=\u00bb18px\u00bb body_line_height=\u00bb1.6em\u00bb body_link_text_color=\u00bb#1F283D\u00bb background_color=\u00bb#FDEFCF\u00bb use_background_color_gradient=\u00bbon\u00bb background_color_gradient_stops=\u00bb#1f2827 20%|#fdefcf 20%\u00bb text_orientation=\u00bbcenter\u00bb custom_padding=\u00bb||20px||false|false\u00bb border_radii_image=\u00bbon|686px|686px|686px|686px\u00bb global_colors_info=\u00bb{}\u00bb]<\/p>\n<p><a href=\"tel:+33663211906\" target=\"_blank\" rel=\"noopener\"><span dir=\"auto\" style=\"vertical-align: inherit;\"><span dir=\"auto\" style=\"vertical-align: inherit;\">+33663211906 <\/span><\/span><\/a><br \/><a href=\"tel:+38640147131\" target=\"_blank\" rel=\"noopener\"><span dir=\"auto\" style=\"vertical-align: inherit;\"><span dir=\"auto\" style=\"vertical-align: inherit;\">+38640147131<\/span><\/span><\/a><\/p>\n<p>[\/et_pb_blurb][\/et_pb_column][et_pb_column type=\u00bb1_3&#8243; _builder_version=\u00bb4.27.6&#8243; _module_preset=\u00bbdefault\u00bb background_color=\u00bb#FDEFCF\u00bb global_colors_info=\u00bb{}\u00bb][et_pb_blurb title=\u00bbWhatsApp\u00bb image_icon_background_color=\u00bb#15217F\u00bb image=\u00bbhttps:\/\/apnealanzarote.com\/wp-content\/uploads\/2026\/04\/contact_Apnea-Lanzarote-10.png\u00bb image_icon_width=\u00bb92px\u00bb _builder_version=\u00bb4.27.6&#8243; _module_preset=\u00bbdefault\u00bb header_font_size=\u00bb22px\u00bb body_text_color=\u00bb#1F283D\u00bb body_font_size=\u00bb18px\u00bb body_line_height=\u00bb1.6em\u00bb body_link_text_color=\u00bb#1F283D\u00bb background_color=\u00bb#FDEFCF\u00bb use_background_color_gradient=\u00bbon\u00bb background_color_gradient_stops=\u00bb#1f2827 20%|#fdefcf 20%\u00bb text_orientation=\u00bbcenter\u00bb custom_padding=\u00bb||20px||false|false\u00bb border_radii_image=\u00bbon|686px|686px|686px|686px\u00bb global_colors_info=\u00bb{}\u00bb]<\/p>\n<p><a href=\"https:\/\/wa.me\/33663211906\" target=\"_blank\" rel=\"noopener\"><span dir=\"auto\" style=\"vertical-align: inherit;\"><span dir=\"auto\" style=\"vertical-align: inherit;\"><span dir=\"auto\" style=\"vertical-align: inherit;\"><span dir=\"auto\" style=\"vertical-align: inherit;\">+33663211906 <\/span><\/span><\/span><\/span><\/a><br \/><a href=\"https:\/\/wa.me\/38640147131\" target=\"_blank\" rel=\"noopener\"><span dir=\"auto\" style=\"vertical-align: inherit;\"><span dir=\"auto\" style=\"vertical-align: inherit;\"><span dir=\"auto\" style=\"vertical-align: inherit;\"><span dir=\"auto\" style=\"vertical-align: inherit;\">+38640147131<\/span><\/span><\/span><\/span><\/a><\/p>\n<p>[\/et_pb_blurb][\/et_pb_column][et_pb_column type=\u00bb1_3&#8243; _builder_version=\u00bb4.27.6&#8243; _module_preset=\u00bbdefault\u00bb background_color=\u00bb#FDEFCF\u00bb global_colors_info=\u00bb{}\u00bb][et_pb_blurb title=\u00bbCorreo electr\u00f3nico\u00bb image_icon_background_color=\u00bb#15217F\u00bb image=\u00bbhttps:\/\/apnealanzarote.com\/wp-content\/uploads\/2026\/04\/contact_Apnea-Lanzarote-11.png\u00bb image_icon_width=\u00bb92px\u00bb _builder_version=\u00bb4.27.6&#8243; _module_preset=\u00bbdefault\u00bb header_font_size=\u00bb22px\u00bb body_text_color=\u00bb#1F283D\u00bb body_font_size=\u00bb18px\u00bb body_line_height=\u00bb1.6em\u00bb body_link_text_color=\u00bb#1F283D\u00bb background_color=\u00bb#FDEFCF\u00bb use_background_color_gradient=\u00bbon\u00bb background_color_gradient_stops=\u00bb#1f2827 20%|#fdefcf 20%\u00bb text_orientation=\u00bbcenter\u00bb custom_padding=\u00bb||20px||false|false\u00bb border_radii_image=\u00bbon|686px|686px|686px|686px\u00bb global_colors_info=\u00bb{}\u00bb]<\/p>\n<p><a href=\"mailto:info@apnealanzarote.com%20\"><span dir=\"auto\" style=\"vertical-align: inherit;\"><span dir=\"auto\" style=\"vertical-align: inherit;\"><span dir=\"auto\" style=\"vertical-align: inherit;\"><span dir=\"auto\" style=\"vertical-align: inherit;\">info@apnealanzarote.com<\/span><\/span><\/span><\/span><\/a><\/p>\n<p>[\/et_pb_blurb][\/et_pb_column][\/et_pb_row][et_pb_row _builder_version=\u00bb4.27.4&#8243; _module_preset=\u00bbdefault\u00bb custom_padding=\u00bb||0px|||\u00bb global_colors_info=\u00bb{}\u00bb][et_pb_column type=\u00bb4_4&#8243; _builder_version=\u00bb4.27.4&#8243; _module_preset=\u00bbdefault\u00bb global_colors_info=\u00bb{}\u00bb][et_pb_text _builder_version=\u00bb4.27.6&#8243; _module_preset=\u00bbdefault\u00bb text_font=\u00bb|600|||||||\u00bb text_text_color=\u00bb#FFFFFF\u00bb text_font_size=\u00bb16px\u00bb text_orientation=\u00bbcenter\u00bb text_font_size_tablet=\u00bb22px\u00bb text_font_size_phone=\u00bb16px\u00bb text_font_size_last_edited=\u00bbon|phone\u00bb global_colors_info=\u00bb{}\u00bb]<\/p>\n<p>Env\u00edanos un mensaje y cu\u00e9ntanos tu nivel, tus fechas y qu\u00e9 tipo de experiencia buscas. Te responderemos personalmente. <\/p>\n<p>[\/et_pb_text][et_pb_social_media_follow icon_color=\u00bb#15217F\u00bb use_icon_font_size=\u00bbon\u00bb icon_font_size=\u00bb22px\u00bb _builder_version=\u00bb4.27.6&#8243; _module_preset=\u00bbdefault\u00bb text_orientation=\u00bbcenter\u00bb custom_margin=\u00bb||16px|||\u00bb global_colors_info=\u00bb{}\u00bb][et_pb_social_media_follow_network social_network=\u00bbinstagram\u00bb url=\u00bbhttps:\/\/www.instagram.com\/apnea.lanzarote\u00bb _builder_version=\u00bb4.27.6&#8243; _module_preset=\u00bbdefault\u00bb background_color=\u00bb#06E5EF\u00bb background_enable_color=\u00bbon\u00bb global_colors_info=\u00bb{}\u00bb follow_button=\u00bboff\u00bb url_new_window=\u00bbon\u00bb]instagram[\/et_pb_social_media_follow_network][et_pb_social_media_follow_network social_network=\u00bbyoutube\u00bb url=\u00bbhttps:\/\/www.youtube.com\/@apnealanzarote\u00bb _builder_version=\u00bb4.27.6&#8243; _module_preset=\u00bbdefault\u00bb background_color=\u00bb#06E5EF\u00bb background_enable_color=\u00bbon\u00bb global_colors_info=\u00bb{}\u00bb follow_button=\u00bboff\u00bb url_new_window=\u00bbon\u00bb]youtube[\/et_pb_social_media_follow_network][et_pb_social_media_follow_network social_network=\u00bblinkedin\u00bb url=\u00bbhttps:\/\/www.linkedin.com\/company\/apnea-lanzarote\/\u00bb _builder_version=\u00bb4.27.6&#8243; _module_preset=\u00bbdefault\u00bb background_color=\u00bb#06E5EF\u00bb background_enable_color=\u00bbon\u00bb global_colors_info=\u00bb{}\u00bb follow_button=\u00bboff\u00bb url_new_window=\u00bbon\u00bb]linkedin[\/et_pb_social_media_follow_network][\/et_pb_social_media_follow][et_pb_code _builder_version=\u00bb4.27.6&#8243; _module_preset=\u00bbdefault\u00bb global_colors_info=\u00bb{}\u00bb]\n<div role=\"navigation\" aria-label=\"Selector de idioma\" class=\"wpml-ls-statics-footer wpml-ls wpml-ls-legacy-list-horizontal\">\n\t<ul><li class=\"wpml-ls-slot-footer wpml-ls-item wpml-ls-item-en wpml-ls-first-item wpml-ls-item-legacy-list-horizontal\">\n\t\t\t\t<a href=\"https:\/\/apnealanzarote.com\/\" hreflang=\"en\" lang=\"en\" class=\"wpml-ls-link\" aria-label=\"Cambiar a Ingl\u00e9s\" title=\"Cambiar a Ingl\u00e9s\">\n\t\t\t\t\t                                    <img decoding=\"async\"\n            class=\"wpml-ls-flag\"\n            src=\"https:\/\/apnealanzarote.com\/wp-content\/plugins\/sitepress-multilingual-cms\/res\/flags\/en.svg\"\n            alt=\"Ingl\u00e9s\"\n            loading=\"lazy\"\n            width=18\n            height=12\n    \/><\/a>\n\t\t\t<\/li><li class=\"wpml-ls-slot-footer wpml-ls-item wpml-ls-item-fr wpml-ls-item-legacy-list-horizontal\">\n\t\t\t\t<a href=\"https:\/\/apnealanzarote.com\/fr\/\" hreflang=\"fr\" lang=\"fr\" class=\"wpml-ls-link\" aria-label=\"Cambiar a Franc\u00e9s\" title=\"Cambiar a Franc\u00e9s\">\n\t\t\t\t\t                                    <img decoding=\"async\"\n            class=\"wpml-ls-flag\"\n            src=\"https:\/\/apnealanzarote.com\/wp-content\/plugins\/sitepress-multilingual-cms\/res\/flags\/fr.svg\"\n            alt=\"Franc\u00e9s\"\n            loading=\"lazy\"\n            width=18\n            height=12\n    \/><\/a>\n\t\t\t<\/li><li class=\"wpml-ls-slot-footer wpml-ls-item wpml-ls-item-de wpml-ls-item-legacy-list-horizontal\">\n\t\t\t\t<a href=\"https:\/\/apnealanzarote.com\/de\/\" hreflang=\"de\" lang=\"de\" class=\"wpml-ls-link\" aria-label=\"Cambiar a Alem\u00e1n\" title=\"Cambiar a Alem\u00e1n\">\n\t\t\t\t\t                                    <img decoding=\"async\"\n            class=\"wpml-ls-flag\"\n            src=\"https:\/\/apnealanzarote.com\/wp-content\/plugins\/sitepress-multilingual-cms\/res\/flags\/de.svg\"\n            alt=\"Alem\u00e1n\"\n            loading=\"lazy\"\n            width=18\n            height=12\n    \/><\/a>\n\t\t\t<\/li><li class=\"wpml-ls-slot-footer wpml-ls-item wpml-ls-item-sl wpml-ls-item-legacy-list-horizontal\">\n\t\t\t\t<a href=\"https:\/\/apnealanzarote.com\/sl\/\" hreflang=\"sl\" lang=\"sl\" class=\"wpml-ls-link\" aria-label=\"Cambiar a Esloveno\" title=\"Cambiar a Esloveno\">\n\t\t\t\t\t                                    <img decoding=\"async\"\n            class=\"wpml-ls-flag\"\n            src=\"https:\/\/apnealanzarote.com\/wp-content\/plugins\/sitepress-multilingual-cms\/res\/flags\/sl.svg\"\n            alt=\"Esloveno\"\n            loading=\"lazy\"\n            width=18\n            height=12\n    \/><\/a>\n\t\t\t<\/li><li class=\"wpml-ls-slot-footer wpml-ls-item wpml-ls-item-es wpml-ls-current-language wpml-ls-last-item wpml-ls-item-legacy-list-horizontal\">\n\t\t\t\t<a href=\"https:\/\/apnealanzarote.com\/es\/\" hreflang=\"es\" lang=\"es\" class=\"wpml-ls-link\" aria-current=\"page\" aria-label=\"Cambiar a Espa\u00f1ol\" title=\"Cambiar a Espa\u00f1ol\">\n\t\t\t\t\t                                    <img decoding=\"async\"\n            class=\"wpml-ls-flag\"\n            src=\"https:\/\/apnealanzarote.com\/wp-content\/plugins\/sitepress-multilingual-cms\/res\/flags\/es.svg\"\n            alt=\"Espa\u00f1ol\"\n            loading=\"lazy\"\n            width=18\n            height=12\n    \/><\/a>\n\t\t\t<\/li><\/ul>\n<\/div>\n[\/et_pb_code][\/et_pb_column][\/et_pb_row][\/et_pb_section]<\/p>\n","protected":false},"excerpt":{"rendered":"<p>\n<div role=\"navigation\" aria-label=\"Selector de idioma\" class=\"wpml-ls-statics-footer wpml-ls wpml-ls-legacy-list-horizontal\">\n\t<ul><li class=\"wpml-ls-slot-footer wpml-ls-item wpml-ls-item-en wpml-ls-first-item wpml-ls-item-legacy-list-horizontal\">\n\t\t\t\t<a href=\"https:\/\/apnealanzarote.com\/\" hreflang=\"en\" lang=\"en\" class=\"wpml-ls-link\" aria-label=\"Cambiar a Ingl\u00e9s\" title=\"Cambiar a Ingl\u00e9s\">\n\t\t\t\t\t                                    <img decoding=\"async\"\n            class=\"wpml-ls-flag\"\n            src=\"https:\/\/apnealanzarote.com\/wp-content\/plugins\/sitepress-multilingual-cms\/res\/flags\/en.svg\"\n            alt=\"Ingl\u00e9s\"\n            loading=\"lazy\"\n            width=18\n            height=12\n    \/><\/a>\n\t\t\t<\/li><li class=\"wpml-ls-slot-footer wpml-ls-item wpml-ls-item-fr wpml-ls-item-legacy-list-horizontal\">\n\t\t\t\t<a href=\"https:\/\/apnealanzarote.com\/fr\/\" hreflang=\"fr\" lang=\"fr\" class=\"wpml-ls-link\" aria-label=\"Cambiar a Franc\u00e9s\" title=\"Cambiar a Franc\u00e9s\">\n\t\t\t\t\t                                    <img decoding=\"async\"\n            class=\"wpml-ls-flag\"\n            src=\"https:\/\/apnealanzarote.com\/wp-content\/plugins\/sitepress-multilingual-cms\/res\/flags\/fr.svg\"\n            alt=\"Franc\u00e9s\"\n            loading=\"lazy\"\n            width=18\n            height=12\n    \/><\/a>\n\t\t\t<\/li><li class=\"wpml-ls-slot-footer wpml-ls-item wpml-ls-item-de wpml-ls-item-legacy-list-horizontal\">\n\t\t\t\t<a href=\"https:\/\/apnealanzarote.com\/de\/\" hreflang=\"de\" lang=\"de\" class=\"wpml-ls-link\" aria-label=\"Cambiar a Alem\u00e1n\" title=\"Cambiar a Alem\u00e1n\">\n\t\t\t\t\t                                    <img decoding=\"async\"\n            class=\"wpml-ls-flag\"\n            src=\"https:\/\/apnealanzarote.com\/wp-content\/plugins\/sitepress-multilingual-cms\/res\/flags\/de.svg\"\n            alt=\"Alem\u00e1n\"\n            loading=\"lazy\"\n            width=18\n            height=12\n    \/><\/a>\n\t\t\t<\/li><li class=\"wpml-ls-slot-footer wpml-ls-item wpml-ls-item-sl wpml-ls-item-legacy-list-horizontal\">\n\t\t\t\t<a href=\"https:\/\/apnealanzarote.com\/sl\/\" hreflang=\"sl\" lang=\"sl\" class=\"wpml-ls-link\" aria-label=\"Cambiar a Esloveno\" title=\"Cambiar a Esloveno\">\n\t\t\t\t\t                                    <img decoding=\"async\"\n            class=\"wpml-ls-flag\"\n            src=\"https:\/\/apnealanzarote.com\/wp-content\/plugins\/sitepress-multilingual-cms\/res\/flags\/sl.svg\"\n            alt=\"Esloveno\"\n            loading=\"lazy\"\n            width=18\n            height=12\n    \/><\/a>\n\t\t\t<\/li><li class=\"wpml-ls-slot-footer wpml-ls-item wpml-ls-item-es wpml-ls-current-language wpml-ls-last-item wpml-ls-item-legacy-list-horizontal\">\n\t\t\t\t<a href=\"https:\/\/apnealanzarote.com\/es\/\" hreflang=\"es\" lang=\"es\" class=\"wpml-ls-link\" aria-current=\"page\" aria-label=\"Cambiar a Espa\u00f1ol\" title=\"Cambiar a Espa\u00f1ol\">\n\t\t\t\t\t                                    <img decoding=\"async\"\n            class=\"wpml-ls-flag\"\n            src=\"https:\/\/apnealanzarote.com\/wp-content\/plugins\/sitepress-multilingual-cms\/res\/flags\/es.svg\"\n            alt=\"Espa\u00f1ol\"\n            loading=\"lazy\"\n            width=18\n            height=12\n    \/><\/a>\n\t\t\t<\/li><\/ul>\n<\/div>\nUNA RESPIRACI\u00d3N. UNA ISLA. UNA EXPERIENCIA INOLVIDABLE.Bienvenido a Apnea Lanzarote: un lugar donde la apnea, el deporte, el bienestar y la naturaleza de la isla se unen.Entrena con atletas experimentados. Bucea en condiciones perfectas durante todo el a\u00f1o. Recarga energ\u00edas en una impresionante isla volc\u00e1nica. Tanto [&hellip;]<\/p>\n","protected":false},"author":2,"featured_media":213,"parent":0,"menu_order":0,"comment_status":"closed","ping_status":"closed","template":"","meta":{"_et_pb_use_builder":"on","_et_pb_old_content":"","_et_gb_content_width":"","footnotes":""},"class_list":["post-128","page","type-page","status-publish","has-post-thumbnail","hentry"],"yoast_head":"<!-- This site is optimized with the Yoast SEO plugin v27.4 - https:\/\/yoast.com\/product\/yoast-seo-wordpress\/ -->\n<title>Salidas y cursos de apnea en Lanzarote | Apnea Lanzarote<\/title>\n<meta name=\"description\" content=\"Tanto si eres un apne\u00edsta avanzado como un principiante, \u00a1practica apnea en Lanzarote con Apnea Lanzarote!\" \/>\n<meta name=\"robots\" content=\"index, follow, max-snippet:-1, max-image-preview:large, max-video-preview:-1\" \/>\n<link rel=\"canonical\" href=\"https:\/\/apnealanzarote.com\/es\/\" \/>\n<meta property=\"og:locale\" content=\"es_ES\" \/>\n<meta property=\"og:type\" content=\"article\" \/>\n<meta property=\"og:title\" content=\"Salidas y cursos de apnea en Lanzarote | Apnea Lanzarote\" \/>\n<meta property=\"og:description\" content=\"Tanto si eres un apne\u00edsta avanzado como un principiante, \u00a1practica apnea en Lanzarote con Apnea Lanzarote!\" \/>\n<meta property=\"og:url\" content=\"https:\/\/apnealanzarote.com\/es\/\" \/>\n<meta property=\"og:site_name\" content=\"Apnea Lanzarote\" \/>\n<meta property=\"article:modified_time\" content=\"2026-08-27T10:14:54+00:00\" \/>\n<meta property=\"og:image\" content=\"https:\/\/apnealanzarote.com\/wp-content\/uploads\/2026\/04\/cropped-Logo_Apnea-Lanzarote_V1.png\" \/>\n\t<meta property=\"og:image:width\" content=\"512\" \/>\n\t<meta property=\"og:image:height\" content=\"512\" \/>\n\t<meta property=\"og:image:type\" content=\"image\/png\" \/>\n<meta name=\"twitter:card\" content=\"summary_large_image\" \/>\n<meta name=\"twitter:label1\" content=\"Tiempo de lectura\" \/>\n\t<meta name=\"twitter:data1\" content=\"40 minutos\" \/>\n<script type=\"application\/ld+json\" class=\"yoast-schema-graph\">{\"@context\":\"https:\\\/\\\/schema.org\",\"@graph\":[{\"@type\":\"WebPage\",\"@id\":\"https:\\\/\\\/apnealanzarote.com\\\/es\\\/\",\"url\":\"https:\\\/\\\/apnealanzarote.com\\\/es\\\/\",\"name\":\"Salidas y cursos de apnea en Lanzarote | Apnea Lanzarote\",\"isPartOf\":{\"@id\":\"https:\\\/\\\/apnealanzarote.com\\\/es\\\/#website\"},\"primaryImageOfPage\":{\"@id\":\"https:\\\/\\\/apnealanzarote.com\\\/es\\\/#primaryimage\"},\"image\":{\"@id\":\"https:\\\/\\\/apnealanzarote.com\\\/es\\\/#primaryimage\"},\"thumbnailUrl\":\"https:\\\/\\\/apnealanzarote.com\\\/wp-content\\\/uploads\\\/2026\\\/04\\\/cropped-Logo_Apnea-Lanzarote_V1.png\",\"datePublished\":\"2026-04-06T13:27:37+00:00\",\"dateModified\":\"2026-08-27T10:14:54+00:00\",\"description\":\"Tanto si eres un apne\u00edsta avanzado como un principiante, \u00a1practica apnea en Lanzarote con Apnea Lanzarote!\",\"breadcrumb\":{\"@id\":\"https:\\\/\\\/apnealanzarote.com\\\/es\\\/#breadcrumb\"},\"inLanguage\":\"es\",\"potentialAction\":[{\"@type\":\"ReadAction\",\"target\":[\"https:\\\/\\\/apnealanzarote.com\\\/es\\\/\"]}]},{\"@type\":\"ImageObject\",\"inLanguage\":\"es\",\"@id\":\"https:\\\/\\\/apnealanzarote.com\\\/es\\\/#primaryimage\",\"url\":\"https:\\\/\\\/apnealanzarote.com\\\/wp-content\\\/uploads\\\/2026\\\/04\\\/cropped-Logo_Apnea-Lanzarote_V1.png\",\"contentUrl\":\"https:\\\/\\\/apnealanzarote.com\\\/wp-content\\\/uploads\\\/2026\\\/04\\\/cropped-Logo_Apnea-Lanzarote_V1.png\",\"width\":512,\"height\":512},{\"@type\":\"BreadcrumbList\",\"@id\":\"https:\\\/\\\/apnealanzarote.com\\\/es\\\/#breadcrumb\",\"itemListElement\":[{\"@type\":\"ListItem\",\"position\":1,\"name\":\"Home\",\"item\":\"https:\\\/\\\/apnealanzarote.com\\\/es\\\/\"},{\"@type\":\"ListItem\",\"position\":2,\"name\":\"APNEA LANZAROTE\"}]},{\"@type\":\"WebSite\",\"@id\":\"https:\\\/\\\/apnealanzarote.com\\\/es\\\/#website\",\"url\":\"https:\\\/\\\/apnealanzarote.com\\\/es\\\/\",\"name\":\"Apnea Lanzarote\",\"description\":\"COURSES, COACHING AND TAILOR-MADE EXPERIENCES\",\"publisher\":{\"@id\":\"https:\\\/\\\/apnealanzarote.com\\\/es\\\/#organization\"},\"potentialAction\":[{\"@type\":\"SearchAction\",\"target\":{\"@type\":\"EntryPoint\",\"urlTemplate\":\"https:\\\/\\\/apnealanzarote.com\\\/es\\\/?s={search_term_string}\"},\"query-input\":{\"@type\":\"PropertyValueSpecification\",\"valueRequired\":true,\"valueName\":\"search_term_string\"}}],\"inLanguage\":\"es\"},{\"@type\":\"Organization\",\"@id\":\"https:\\\/\\\/apnealanzarote.com\\\/es\\\/#organization\",\"name\":\"Apnea Lanzarote\",\"url\":\"https:\\\/\\\/apnealanzarote.com\\\/es\\\/\",\"logo\":{\"@type\":\"ImageObject\",\"inLanguage\":\"es\",\"@id\":\"https:\\\/\\\/apnealanzarote.com\\\/es\\\/#\\\/schema\\\/logo\\\/image\\\/\",\"url\":\"https:\\\/\\\/apnealanzarote.com\\\/wp-content\\\/uploads\\\/2026\\\/04\\\/Logo_Apnea-Lanzarote_V1.png\",\"contentUrl\":\"https:\\\/\\\/apnealanzarote.com\\\/wp-content\\\/uploads\\\/2026\\\/04\\\/Logo_Apnea-Lanzarote_V1.png\",\"width\":509,\"height\":509,\"caption\":\"Apnea Lanzarote\"},\"image\":{\"@id\":\"https:\\\/\\\/apnealanzarote.com\\\/es\\\/#\\\/schema\\\/logo\\\/image\\\/\"},\"sameAs\":[\"https:\\\/\\\/instagram.com\\\/apnea.lanzarote\",\"https:\\\/\\\/www.youtube.com\\\/@apnealanzarote\"]}]}<\/script>\n<!-- \/ Yoast SEO plugin. -->","yoast_head_json":{"title":"Salidas y cursos de apnea en Lanzarote | Apnea Lanzarote","description":"Tanto si eres un apne\u00edsta avanzado como un principiante, \u00a1practica apnea en Lanzarote con Apnea Lanzarote!","robots":{"index":"index","follow":"follow","max-snippet":"max-snippet:-1","max-image-preview":"max-image-preview:large","max-video-preview":"max-video-preview:-1"},"canonical":"https:\/\/apnealanzarote.com\/es\/","og_locale":"es_ES","og_type":"article","og_title":"Salidas y cursos de apnea en Lanzarote | Apnea Lanzarote","og_description":"Tanto si eres un apne\u00edsta avanzado como un principiante, \u00a1practica apnea en Lanzarote con Apnea Lanzarote!","og_url":"https:\/\/apnealanzarote.com\/es\/","og_site_name":"Apnea Lanzarote","article_modified_time":"2026-08-27T10:14:54+00:00","og_image":[{"width":512,"height":512,"url":"https:\/\/apnealanzarote.com\/wp-content\/uploads\/2026\/04\/cropped-Logo_Apnea-Lanzarote_V1.png","type":"image\/png"}],"twitter_card":"summary_large_image","twitter_misc":{"Tiempo de lectura":"40 minutos"},"schema":{"@context":"https:\/\/schema.org","@graph":[{"@type":"WebPage","@id":"https:\/\/apnealanzarote.com\/es\/","url":"https:\/\/apnealanzarote.com\/es\/","name":"Salidas y cursos de apnea en Lanzarote | Apnea Lanzarote","isPartOf":{"@id":"https:\/\/apnealanzarote.com\/es\/#website"},"primaryImageOfPage":{"@id":"https:\/\/apnealanzarote.com\/es\/#primaryimage"},"image":{"@id":"https:\/\/apnealanzarote.com\/es\/#primaryimage"},"thumbnailUrl":"https:\/\/apnealanzarote.com\/wp-content\/uploads\/2026\/04\/cropped-Logo_Apnea-Lanzarote_V1.png","datePublished":"2026-04-06T13:27:37+00:00","dateModified":"2026-08-27T10:14:54+00:00","description":"Tanto si eres un apne\u00edsta avanzado como un principiante, \u00a1practica apnea en Lanzarote con Apnea Lanzarote!","breadcrumb":{"@id":"https:\/\/apnealanzarote.com\/es\/#breadcrumb"},"inLanguage":"es","potentialAction":[{"@type":"ReadAction","target":["https:\/\/apnealanzarote.com\/es\/"]}]},{"@type":"ImageObject","inLanguage":"es","@id":"https:\/\/apnealanzarote.com\/es\/#primaryimage","url":"https:\/\/apnealanzarote.com\/wp-content\/uploads\/2026\/04\/cropped-Logo_Apnea-Lanzarote_V1.png","contentUrl":"https:\/\/apnealanzarote.com\/wp-content\/uploads\/2026\/04\/cropped-Logo_Apnea-Lanzarote_V1.png","width":512,"height":512},{"@type":"BreadcrumbList","@id":"https:\/\/apnealanzarote.com\/es\/#breadcrumb","itemListElement":[{"@type":"ListItem","position":1,"name":"Home","item":"https:\/\/apnealanzarote.com\/es\/"},{"@type":"ListItem","position":2,"name":"APNEA LANZAROTE"}]},{"@type":"WebSite","@id":"https:\/\/apnealanzarote.com\/es\/#website","url":"https:\/\/apnealanzarote.com\/es\/","name":"Apnea Lanzarote","description":"COURSES, COACHING AND TAILOR-MADE EXPERIENCES","publisher":{"@id":"https:\/\/apnealanzarote.com\/es\/#organization"},"potentialAction":[{"@type":"SearchAction","target":{"@type":"EntryPoint","urlTemplate":"https:\/\/apnealanzarote.com\/es\/?s={search_term_string}"},"query-input":{"@type":"PropertyValueSpecification","valueRequired":true,"valueName":"search_term_string"}}],"inLanguage":"es"},{"@type":"Organization","@id":"https:\/\/apnealanzarote.com\/es\/#organization","name":"Apnea Lanzarote","url":"https:\/\/apnealanzarote.com\/es\/","logo":{"@type":"ImageObject","inLanguage":"es","@id":"https:\/\/apnealanzarote.com\/es\/#\/schema\/logo\/image\/","url":"https:\/\/apnealanzarote.com\/wp-content\/uploads\/2026\/04\/Logo_Apnea-Lanzarote_V1.png","contentUrl":"https:\/\/apnealanzarote.com\/wp-content\/uploads\/2026\/04\/Logo_Apnea-Lanzarote_V1.png","width":509,"height":509,"caption":"Apnea Lanzarote"},"image":{"@id":"https:\/\/apnealanzarote.com\/es\/#\/schema\/logo\/image\/"},"sameAs":["https:\/\/instagram.com\/apnea.lanzarote","https:\/\/www.youtube.com\/@apnealanzarote"]}]}},"_links":{"self":[{"href":"https:\/\/apnealanzarote.com\/es\/wp-json\/wp\/v2\/pages\/128","targetHints":{"allow":["GET"]}}],"collection":[{"href":"https:\/\/apnealanzarote.com\/es\/wp-json\/wp\/v2\/pages"}],"about":[{"href":"https:\/\/apnealanzarote.com\/es\/wp-json\/wp\/v2\/types\/page"}],"author":[{"embeddable":true,"href":"https:\/\/apnealanzarote.com\/es\/wp-json\/wp\/v2\/users\/2"}],"replies":[{"embeddable":true,"href":"https:\/\/apnealanzarote.com\/es\/wp-json\/wp\/v2\/comments?post=128"}],"version-history":[{"count":134,"href":"https:\/\/apnealanzarote.com\/es\/wp-json\/wp\/v2\/pages\/128\/revisions"}],"predecessor-version":[{"id":962,"href":"https:\/\/apnealanzarote.com\/es\/wp-json\/wp\/v2\/pages\/128\/revisions\/962"}],"wp:featuredmedia":[{"embeddable":true,"href":"https:\/\/apnealanzarote.com\/es\/wp-json\/wp\/v2\/media\/213"}],"wp:attachment":[{"href":"https:\/\/apnealanzarote.com\/es\/wp-json\/wp\/v2\/media?parent=128"}],"curies":[{"name":"wp","href":"https:\/\/api.w.org\/{rel}","templated":true}]}}